{"id":7097,"date":"2022-10-29T05:18:46","date_gmt":"2022-10-29T05:18:46","guid":{"rendered":"https:\/\/wexfordpembrokeshirepilgrimway.org\/8-obar-eide-go-dti-an-gaineamh-ban\/"},"modified":"2023-07-22T13:47:55","modified_gmt":"2023-07-22T13:47:55","slug":"8-obar-eide-go-dti-an-gaineamh-ban","status":"publish","type":"page","link":"https:\/\/wexfordpembrokeshirepilgrimway.org\/ga\/8-obar-eide-go-dti-an-gaineamh-ban\/","title":{"rendered":"8. Abereiddy go Whitesands"},"content":{"rendered":"<p>[et_pb_section fb_built=&#8221;1&#8243; fullwidth=&#8221;on&#8221; _builder_version=&#8221;4.17.1&#8243; _module_preset=&#8221;default&#8221; global_colors_info=&#8221;{}&#8221;][et_pb_fullwidth_code _builder_version=&#8221;4.18.1&#8243; _module_preset=&#8221;default&#8221; global_colors_info=&#8221;{}&#8221;]<script type=\"text\/javascript\" src=\"https:\/\/www.outdooractive.com\/en\/embed\/800545067\/js?mw=false&amp;usr=d8jbnd&amp;key=USR-L458J3XV-EMWGKWGV-4OSSX99V&amp;s=i\"><\/script>[\/et_pb_fullwidth_code][\/et_pb_section][et_pb_section fb_built=&#8221;1&#8243; _builder_version=&#8221;4.19.0&#8243; _module_preset=&#8221;default&#8221; background_color=&#8221;#d8dce0&#8243; background_enable_image=&#8221;off&#8221; background_size=&#8221;custom&#8221; background_image_width=&#8221;12%&#8221; background_position=&#8221;top_right&#8221; background_horizontal_offset=&#8221;10%&#8221; background_vertical_offset=&#8221;3%&#8221; custom_padding=&#8221;0px||0px||false|false&#8221; bottom_divider_color=&#8221;#5f241c&#8221; bottom_divider_height=&#8221;50px&#8221; global_colors_info=&#8221;{}&#8221;][et_pb_row column_structure=&#8221;1_2,1_2&#8243; _builder_version=&#8221;4.19.4&#8243; _module_preset=&#8221;default&#8221; custom_padding=&#8221;||0px||false|false&#8221; global_colors_info=&#8221;{}&#8221;][et_pb_column type=&#8221;1_2&#8243; _builder_version=&#8221;4.18.0&#8243; _module_preset=&#8221;default&#8221; global_colors_info=&#8221;{}&#8221;][et_pb_button button_url=&#8221;https:\/\/www.outdooractive.com\/en\/route\/pilgrim-walk\/pembrokeshire\/wppw-8.-aberreiddy-to-whitesands\/800545067\/&#8221; url_new_window=&#8221;on&#8221; button_text=&#8221;Oscail L\u00e9arsc\u00e1il san Aip Ghn\u00edomhach Allamuigh&#8221; button_alignment=&#8221;center&#8221; _builder_version=&#8221;4.20.0&#8243; _module_preset=&#8221;default&#8221; custom_button=&#8221;on&#8221; button_text_size=&#8221;16px&#8221; button_text_color=&#8221;#f5ede2&#8243; button_bg_color=&#8221;#5f241c&#8221; button_border_radius=&#8221;5px&#8221; button_font=&#8221;|600|||||||&#8221; button_icon=&#8221;&#x24;||divi||400&#8243; button_on_hover=&#8221;off&#8221; global_colors_info=&#8221;{}&#8221;][\/et_pb_button][\/et_pb_column][et_pb_column type=&#8221;1_2&#8243; _builder_version=&#8221;4.18.0&#8243; _module_preset=&#8221;default&#8221; global_colors_info=&#8221;{}&#8221;][et_pb_button button_url=&#8221;https:\/\/wexfordpembrokeshirepilgrimway.org\/digital-mapping-guidance\/&#8221; button_text=&#8221;Treoir Map\u00e1la Digiteach&#8221; button_alignment=&#8221;center&#8221; _builder_version=&#8221;4.20.0&#8243; _module_preset=&#8221;default&#8221; custom_button=&#8221;on&#8221; button_text_size=&#8221;16px&#8221; button_text_color=&#8221;#f5ede2&#8243; button_bg_color=&#8221;#5f241c&#8221; button_border_radius=&#8221;5px&#8221; button_font=&#8221;|600|||||||&#8221; button_icon=&#8221;&#x24;||divi||400&#8243; button_on_hover=&#8221;off&#8221; global_colors_info=&#8221;{}&#8221;][\/et_pb_button][\/et_pb_column][\/et_pb_row][\/et_pb_section][et_pb_section fb_built=&#8221;1&#8243; _builder_version=&#8221;4.19.0&#8243; _module_preset=&#8221;default&#8221; background_color=&#8221;#d8dce0&#8243; background_enable_image=&#8221;off&#8221; background_size=&#8221;custom&#8221; background_image_width=&#8221;12%&#8221; background_position=&#8221;top_right&#8221; background_horizontal_offset=&#8221;10%&#8221; background_vertical_offset=&#8221;3%&#8221; custom_padding=&#8221;0px||0px||false|false&#8221; bottom_divider_color=&#8221;#5f241c&#8221; bottom_divider_height=&#8221;50px&#8221; global_colors_info=&#8221;{}&#8221;][et_pb_row _builder_version=&#8221;4.19.4&#8243; _module_preset=&#8221;default&#8221; custom_padding=&#8221;||0px||false|false&#8221; global_colors_info=&#8221;{}&#8221;][et_pb_column type=&#8221;4_4&#8243; _builder_version=&#8221;4.18.0&#8243; _module_preset=&#8221;default&#8221; global_colors_info=&#8221;{}&#8221;][et_pb_code _builder_version=&#8221;4.19.4&#8243; _module_preset=&#8221;default&#8221; text_orientation=&#8221;right&#8221; custom_padding=&#8221;||||false|false&#8221; global_colors_info=&#8221;{}&#8221;][\/et_pb_code][et_pb_text _builder_version=&#8221;4.18.0&#8243; _module_preset=&#8221;default&#8221; global_colors_info=&#8221;{}&#8221;]<\/p>\n<h1 style=\"text-align: center;\">FORBHREATHN\u00da<\/h1>\n<p>[\/et_pb_text][\/et_pb_column][\/et_pb_row][\/et_pb_section][et_pb_section fb_built=&#8221;1&#8243; _builder_version=&#8221;4.19.0&#8243; _module_preset=&#8221;default&#8221; background_color=&#8221;#d8dce0&#8243; custom_padding=&#8221;0px||||false|false&#8221; bottom_divider_style=&#8221;curve2&#8243; bottom_divider_color=&#8221;#5f241c&#8221; bottom_divider_height=&#8221;50px&#8221; global_colors_info=&#8221;{}&#8221;][et_pb_row _builder_version=&#8221;4.18.0&#8243; _module_preset=&#8221;default&#8221; custom_padding=&#8221;||||false|false&#8221; global_colors_info=&#8221;{}&#8221;][et_pb_column type=&#8221;4_4&#8243; _builder_version=&#8221;4.18.0&#8243; _module_preset=&#8221;default&#8221; custom_padding=&#8221;||||false|false&#8221; global_colors_info=&#8221;{}&#8221;][et_pb_text _builder_version=&#8221;4.21.0&#8243; _module_preset=&#8221;default&#8221; text_font=&#8221;Fort-Light||||||||&#8221; hover_enabled=&#8221;0&#8243; global_colors_info=&#8221;{}&#8221; sticky_enabled=&#8221;0&#8243;]<\/p>\n<p>\u00d3 Obar \u00c9ide go dt\u00ed an Gaineamh B\u00e1n, t\u00e1 s\u00e9 seo ar cheann de na c\u00e9imeanna is dr\u00e1mat\u00fala. T\u00e1 tuiscint dhomhain aige ar an am a chuaigh thart agus ar na ch\u00e9ad chomhartha\u00ed ar thailte Tigh Dewi. Agus t\u00fa ag dreapadh amach \u00f3 thr\u00e1 Abereiddi, beidh t\u00fa ag dul thar an fhianaise deiridh de chair\u00e9il thionscla\u00edocha le radharcanna bre\u00e1tha ar ais go Cuan Oibr\u00edde. Ag si\u00fal feadh cos\u00e1n droimneach c\u00f3sta rachaidh t\u00fa tr\u00ed lonna\u00edochta\u00ed \u00e1rsa, arb \u00e9 an ch\u00e9ad cheann acu coimpl\u00e9asc Caerau ina bhfuil tr\u00ed dh\u00fan \u00f3n Iarannaois. Lean cos\u00e1n an ch\u00f3sta go dt\u00ed an ch\u00e9ad chuan uaigneach eile de Aber-pwll s\u00edos go dt\u00ed a bhfuil an-gh\u00e9ar r\u00e9as\u00fanta a \u00e9il\u00edonn c\u00faram nuair fliuch.<\/p>\n<p>Tar \u00e9is \u00e9ir\u00ed amach as Aber-pwll leanann t\u00fa ar aghaidh feadh str\u00e1ice dr\u00e1mat\u00fail den ch\u00f3sta, ag dul tr\u00ed lonna\u00edocht \u00e1rsa eile de dh\u00fan Castell Coch. Ansin tosa\u00edonn t\u00fa ag dul suas go Carn Penberry \u00e1it a n-oscla\u00edonn an radharc l\u00e1 maith suas go dt\u00ed n\u00edos faide amach \u00f3 Ffos y Mynach, seantailte Th\u00edr Eoghain agus T\u00far na hArdeaglaise le feice\u00e1il.<\/p>\n<p>T\u00f3g am anuas \u00f3 Charn na bPanc\u00f3g s\u00edos i dtreo Phort an Dwfr \u00e1it ar minic gur \u00e1it mhaith \u00e9 sos gairid tae a bheith agat mar go bhfuil s\u00e9 seo thart ar leath bealaigh na c\u00e9ime seo. Lean ort ar feadh chos\u00e1n an ch\u00f3sta a th\u00e9ann i dtreo ceann de na codanna is iarg\u00falta agus is fi\u00e1in a bhfuil c\u00e1il air mar gheall ar a ghn\u00e1th\u00f3g \u00e9iceola\u00edoch.<\/p>\n<p>D\u00edreach roimh Porth Gwyn t\u00e1 an rogha ann casadh ar chl\u00e9 agus bealach eile a ghlacadh go dt\u00ed fothrach Quaker Village i Maes-y-mynydd, b\u00ed ag faire amach do thr\u00ed siml\u00e9ir scriosta an tsr\u00e1idbhaile i gc\u00e9in chun t\u00fa a threor\u00fa chuig an \u2018Road to New York &#8216;.<\/p>\n<p>Ag an gc\u00e9im seo t\u00e1 t\u00fa faoi sc\u00e1th Carn Llidi, an lom\u00e1n maorga os cionn Chuan an Gheata Bh\u00e1in. \u00d3n \u00e1it seo t\u00e1 roghanna agat dul isteach i gcuan an Gainimh Bh\u00e1in ar an mbealach oifigi\u00fail ar thaobh an ch\u00f3sta, n\u00f3 ar an taobh int\u00edre de Carn Llidi. Ag lean\u00faint ar aghaidh ar chos\u00e1n an ch\u00f3sta, b\u00ed ag faire amach don fhiadh\u00falra n\u00edos saibhre ag Ceann Penllechwen agus na capaill\u00edn\u00ed a bhfuil c\u00f3na\u00ed orthu sa cheantar seo. M\u00e1 t\u00e1 am agat, t\u00f3g go barr Carn Llidi agus su\u00ed ar shu\u00edoch\u00e1n Ph\u00e1draig as a bhfeiceann t\u00fa, ar laethanta \u00e1irithe, chomh fada le Sl\u00e9ibhte Chill Mhant\u00e1in in \u00c9irinn. Is anseo a d\u00fairt na haingil le Naomh P\u00e1draig filleadh ar \u00c9irinn.<\/p>\n<p>T\u00e9ann t\u00fa isteach i mB\u00e1 an Phoirt Bh\u00e1in ag dul thar iarsma\u00ed folaithe Sh\u00e9ip\u00e9al Ph\u00e1draig. T\u00e1 an Gaineamh B\u00e1n ar cheann de na tr\u00e1nna is \u00e1ille sa Bhreatain Bheag \u00e1it a bhfuil na huisc\u00ed soil\u00e9ir criostail le haghaidh sn\u00e1mha. Mura mb\u00edonn an aimsir fabhrach, b\u00edonn caif\u00e9 tr\u00e1 Whitesands ann i gc\u00f3na\u00ed le haghaidh s\u00f3laist\u00ed tuillte go maith (s\u00e9as\u00farach).<\/p>\n<p>[\/et_pb_text][\/et_pb_column][\/et_pb_row][\/et_pb_section][et_pb_section fb_built=&#8221;1&#8243; _builder_version=&#8221;4.19.0&#8243; _module_preset=&#8221;default&#8221; background_color=&#8221;#f5ede2&#8243; custom_padding=&#8221;||0px||false|false&#8221; bottom_divider_color=&#8221;#eaeaea&#8221; bottom_divider_height=&#8221;50px&#8221; global_colors_info=&#8221;{}&#8221;][et_pb_row _builder_version=&#8221;4.18.1&#8243; _module_preset=&#8221;default&#8221; custom_padding=&#8221;||0px||false|false&#8221; global_colors_info=&#8221;{}&#8221;][et_pb_column type=&#8221;4_4&#8243; _builder_version=&#8221;4.18.1&#8243; _module_preset=&#8221;default&#8221; global_colors_info=&#8221;{}&#8221;][et_pb_text _builder_version=&#8221;4.18.1&#8243; _module_preset=&#8221;default&#8221; global_colors_info=&#8221;{}&#8221;]<\/p>\n<h2 style=\"text-align: center;\">BUAICPHOINT\u00cd \/ \u00c1ITEANNA LEASMHARA<\/h2>\n<p>[\/et_pb_text][\/et_pb_column][\/et_pb_row][et_pb_row column_structure=&#8221;1_2,1_2&#8243; _builder_version=&#8221;4.17.6&#8243; _module_preset=&#8221;default&#8221; global_colors_info=&#8221;{}&#8221;][et_pb_column type=&#8221;1_2&#8243; _builder_version=&#8221;4.17.6&#8243; _module_preset=&#8221;default&#8221; global_colors_info=&#8221;{}&#8221;][et_pb_toggle title=&#8221;Maes y Mynydd&#8221; open_toggle_text_color=&#8221;#f55f23&#8243; open_toggle_background_color=&#8221;#f5ede2&#8243; closed_toggle_text_color=&#8221;#f5ede2&#8243; closed_toggle_background_color=&#8221;#f55f23&#8243; icon_color=&#8221;#f5ede2&#8243; toggle_icon=&#8221;&#xf055;||fa||900&#8243; use_icon_font_size=&#8221;on&#8221; icon_font_size=&#8221;20px&#8221; open_icon_color=&#8221;#f55f23&#8243; open_use_icon_font_size=&#8221;on&#8221; open_icon_font_size=&#8221;20px&#8221; _builder_version=&#8221;4.21.0&#8243; _module_preset=&#8221;default&#8221; title_text_color=&#8221;#f5ede2&#8243; body_text_color=&#8221;#1b1b19&#8243; background_color=&#8221;#f55f23&#8243; hover_enabled=&#8221;0&#8243; global_colors_info=&#8221;{}&#8221; sticky_enabled=&#8221;0&#8243;]<\/p>\n<p>T\u00e1 atreor\u00fa roghnach ann go dt\u00ed an sean-shr\u00e1idbhaile quaker ar a dtugtar Maes-y-mynydd tr\u00ed sheanchos\u00e1n l\u00edne\u00e1ilte cloiche ar a dtugtar an &#8220;B\u00f3thar go Nua-Eabhrac&#8221;<\/p>\n<p>Is \u00e9 an traidisi\u00fan \u00e1iti\u00fail gur lonna\u00edocht a bh\u00ed anseo a roghna\u00edodh mar gheall ar a shu\u00edomh iarg\u00falta chun s\u00edoch\u00e1in a fh\u00e1il amach \u00f3n tsocha\u00ed agus athcheangal a dh\u00e9anamh leis an talamh. Deir finsc\u00e9al freisin go raibh siad me\u00e1ite ar an seolt\u00f3ireacht a dh\u00e9anamh trasna go Meirice\u00e1.<\/p>\n<p>Deir an tseand\u00e1la\u00edocht linn gur d\u00f3cha gur pobal iascaireachta a bh\u00ed iontu c\u00e9 go mbeadh rochtain ar an bhfarraige \u00f3n bpointe seo fealltach. Taifeadadh suas le 7 dteach ar dt\u00fas i 1829, ach faoi 1908 bh\u00ed an lonna\u00edocht ag dul in olcas. An ndeachaigh siad go Meirice\u00e1 go l\u00e9ir, n\u2019fheadar?<\/p>\n<p>[\/et_pb_toggle][et_pb_toggle title=&#8221;St David&#8217;s Head&#8221; open_toggle_text_color=&#8221;#f55f23&#8243; open_toggle_background_color=&#8221;#f5ede2&#8243; closed_toggle_text_color=&#8221;#f5ede2&#8243; closed_toggle_background_color=&#8221;#f55f23&#8243; icon_color=&#8221;#f5ede2&#8243; toggle_icon=&#8221;&#xf055;||fa||900&#8243; use_icon_font_size=&#8221;on&#8221; icon_font_size=&#8221;20px&#8221; open_icon_color=&#8221;#f55f23&#8243; open_use_icon_font_size=&#8221;on&#8221; open_icon_font_size=&#8221;20px&#8221; _builder_version=&#8221;4.21.0&#8243; _module_preset=&#8221;default&#8221; title_text_color=&#8221;#f5ede2&#8243; body_text_color=&#8221;#1b1b19&#8243; background_color=&#8221;#f55f23&#8243; hover_enabled=&#8221;0&#8243; global_colors_info=&#8221;{}&#8221; sticky_enabled=&#8221;0&#8243;]<\/p>\n<p>Mar th\u00edr at\u00e1 chomh iarg\u00falta agus ar an imeall, is furasta ceangal a dh\u00e9anamh le tuiscint n\u00edos doimhne ar an am anseo agus t\u00fa ag dul thar Coetan Arthur, seomra adhlactha a th\u00e9ann siar go dt\u00ed 3,500 R.Ch.<\/p>\n<p>T\u00e1 radharc r\u00e9amhstairi\u00fail ag baint le t\u00edrdhreach Cheann Naomh Dh\u00e1iv\u00ed le leaca agus boll\u00e1in ollmh\u00f3ra. Ach t\u00e1 fianaise ann freisin ar dh\u00fan ceann t\u00edre a mheastar a bheith \u00e1itithe go d\u00e9anach san Iarannaois. Is d\u00edol sp\u00e9ise \u00e9 go bhfuil fianaise bhreise ann go bhfuil balla ollmh\u00f3r trasna an chinn t\u00edre, rud a fh\u00e1gann go bhfuil an d\u00fan (Clawdd y Milwyr) cosanta go han-mhaith.<\/p>\n<p>[\/et_pb_toggle][\/et_pb_column][et_pb_column type=&#8221;1_2&#8243; _builder_version=&#8221;4.17.6&#8243; _module_preset=&#8221;default&#8221; global_colors_info=&#8221;{}&#8221;][et_pb_toggle title=&#8221;An Gaineamh B\u00e1n&#8221; open_toggle_text_color=&#8221;#f55f23&#8243; open_toggle_background_color=&#8221;#f5ede2&#8243; closed_toggle_text_color=&#8221;#f5ede2&#8243; closed_toggle_background_color=&#8221;#f55f23&#8243; icon_color=&#8221;#f5ede2&#8243; toggle_icon=&#8221;&#xf055;||fa||900&#8243; use_icon_font_size=&#8221;on&#8221; icon_font_size=&#8221;20px&#8221; open_icon_color=&#8221;#f55f23&#8243; open_use_icon_font_size=&#8221;on&#8221; open_icon_font_size=&#8221;20px&#8221; _builder_version=&#8221;4.21.0&#8243; _module_preset=&#8221;default&#8221; title_text_color=&#8221;#f5ede2&#8243; body_text_color=&#8221;#1b1b19&#8243; background_color=&#8221;#f55f23&#8243; hover_enabled=&#8221;0&#8243; global_colors_info=&#8221;{}&#8221; sticky_enabled=&#8221;0&#8243;]<\/p>\n<p>Ba \u00e9 Cuan an Gainimh Bh\u00e1in an pointe a dtiocfadh oilithrigh farraige as \u00c9irinn i dt\u00edr agus bu\u00edochas a ghabh\u00e1il le Dia as a mbealach sl\u00e1n. Agus t\u00fa ag dul isteach sa chuan agus sula sroicheann t\u00fa an carrchl\u00f3s, t\u00e9ann t\u00fa thar l\u00e1thair Sh\u00e9ip\u00e9il Ph\u00e1draig. T\u00e1 iarsma\u00ed an ts\u00e9ip\u00e9il faoi bhun na ndumhcha agus rinneadh iad a thochailt le d\u00e9ana\u00ed chun uaigheanna a nochtadh chomh fada siar leis an s\u00e9\u00fa haois.<\/p>\n<p>T\u00e1 ceann de na tr\u00e1nna is fearr sa Bhreatain Bheag ag Cuan an Ghealaigh agus t\u00e1 an-t\u00f3ir ag surf\u00e1laithe air. Is f\u00e9idir leis a bheith an-ghn\u00f3thach ar l\u00e1 te samhraidh. T\u00e1 s\u00e9 ainmnithe mar thr\u00e1 le Brat Gorm agus b\u00edonn garda\u00ed tarrth\u00e1la i l\u00e1thair le linn tr\u00e9imhs\u00ed gn\u00f3thacha. T\u00e9ann lom\u00e1n carraigeach Carn Llidi os cionn na tr\u00e1 agus is fi\u00fa go m\u00f3r atreor\u00fa chun \u00e9 a ard\u00fa. T\u00e1 na radharcanna iontacha agus is f\u00e9idir leat a sc\u00edth a ligean ansin ar shu\u00edoch\u00e1n Ph\u00e1draig, an \u00e1it a l\u00edomhna\u00edtear gur thug aingeal cuairt ar Naomh P\u00e1draig agus ar iarradh air taisteal go h\u00c9irinn chun an teachtaireacht Chr\u00edosta\u00ed a scaipeadh.<\/p>\n<p>[\/et_pb_toggle][\/et_pb_column][\/et_pb_row][et_pb_row disabled_on=&#8221;on|off|off&#8221; _builder_version=&#8221;4.18.1&#8243; _module_preset=&#8221;default&#8221; custom_padding=&#8221;||0px||false|false&#8221; global_colors_info=&#8221;{}&#8221;][et_pb_column type=&#8221;4_4&#8243; _builder_version=&#8221;4.18.0&#8243; _module_preset=&#8221;default&#8221; global_colors_info=&#8221;{}&#8221;][et_pb_divider color=&#8221;#5f241c&#8221; _builder_version=&#8221;4.18.0&#8243; _module_preset=&#8221;default&#8221; custom_padding=&#8221;||||false|false&#8221; global_colors_info=&#8221;{}&#8221;][\/et_pb_divider][\/et_pb_column][\/et_pb_row][\/et_pb_section][et_pb_section fb_built=&#8221;1&#8243; disabled_on=&#8221;on|off|off&#8221; _builder_version=&#8221;4.19.0&#8243; _module_preset=&#8221;default&#8221; background_color=&#8221;#f5ede2&#8243; custom_margin=&#8221;||||false|false&#8221; custom_padding=&#8221;0px||0px||false|false&#8221; global_colors_info=&#8221;{}&#8221;][et_pb_row _builder_version=&#8221;4.17.6&#8243; _module_preset=&#8221;default&#8221; global_colors_info=&#8221;{}&#8221;][et_pb_column type=&#8221;4_4&#8243; _builder_version=&#8221;4.17.6&#8243; _module_preset=&#8221;default&#8221; custom_padding=&#8221;0px||0px||false|false&#8221; global_colors_info=&#8221;{}&#8221;][wdcl_image_carousel _builder_version=&#8221;4.18.1&#8243; _module_preset=&#8221;default&#8221; global_colors_info=&#8221;{}&#8221;][wdcl_image_carousel_child photo=&#8221;https:\/\/wexfordpembrokeshirepilgrimway.org\/wp-content\/uploads\/2022\/10\/P1180293-750&#215;500-1.jpg&#8221; title=&#8221;Ar Chos\u00e1n an Ch\u00f3sta&#8221; content_pos_y=&#8221;flex-end&#8221; title_bottom_spacing=&#8221;51px&#8221; _builder_version=&#8221;4.18.1&#8243; _module_preset=&#8221;default&#8221; title_level=&#8221;h4&#8243; title_text_color=&#8221;#FFFFFF&#8221; title_font_size=&#8221;12px&#8221; title_line_height=&#8221;0.1em&#8221; subtitle_level=&#8221;h4&#8243; subtitle_text_color=&#8221;#FFFFFF&#8221; subtitle_font_size=&#8221;12px&#8221; custom_padding=&#8221;||||false|false&#8221; global_colors_info=&#8221;{}&#8221;][\/wdcl_image_carousel_child][wdcl_image_carousel_child photo=&#8221;https:\/\/wexfordpembrokeshirepilgrimway.org\/wp-content\/uploads\/2022\/10\/The-Road-to-Newyork-Quaker-Village-750&#215;500-1.jpg&#8221; title=&#8221;Maes y Mynydd&#8221; sub_title=&#8221;B\u00f3thar go Nua Eabhrac&#8221; content_pos_y=&#8221;flex-end&#8221; title_bottom_spacing=&#8221;51px&#8221; _builder_version=&#8221;4.18.1&#8243; _module_preset=&#8221;default&#8221; title_level=&#8221;h4&#8243; title_text_color=&#8221;#FFFFFF&#8221; title_font_size=&#8221;12px&#8221; title_line_height=&#8221;0.1em&#8221; subtitle_level=&#8221;h4&#8243; subtitle_text_color=&#8221;#FFFFFF&#8221; subtitle_font_size=&#8221;12px&#8221; custom_padding=&#8221;||||false|false&#8221; global_colors_info=&#8221;{}&#8221;][\/wdcl_image_carousel_child][wdcl_image_carousel_child photo=&#8221;https:\/\/wexfordpembrokeshirepilgrimway.org\/wp-content\/uploads\/2022\/10\/St-Patricks-Chapel-Whitesands-Journeying-750&#215;500-1.jpg&#8221; title=&#8221;S\u00e9ip\u00e9al Ph\u00e1draig&#8221; sub_title=&#8221;Le linn tochailte&#8221; content_pos_y=&#8221;flex-end&#8221; title_bottom_spacing=&#8221;51px&#8221; _builder_version=&#8221;4.18.1&#8243; _module_preset=&#8221;default&#8221; title_level=&#8221;h4&#8243; title_text_color=&#8221;#FFFFFF&#8221; title_font_size=&#8221;12px&#8221; title_line_height=&#8221;0.1em&#8221; subtitle_level=&#8221;h4&#8243; subtitle_text_color=&#8221;#FFFFFF&#8221; subtitle_font_size=&#8221;12px&#8221; custom_padding=&#8221;||||false|false&#8221; global_colors_info=&#8221;{}&#8221;][\/wdcl_image_carousel_child][wdcl_image_carousel_child photo=&#8221;https:\/\/wexfordpembrokeshirepilgrimway.org\/wp-content\/uploads\/2022\/10\/P1180318-750&#215;500-1.jpg&#8221; title=&#8221;Tr\u00e1 an Gainimh Bh\u00e1in&#8221; content_pos_y=&#8221;flex-end&#8221; title_bottom_spacing=&#8221;51px&#8221; _builder_version=&#8221;4.18.1&#8243; _module_preset=&#8221;default&#8221; title_level=&#8221;h4&#8243; title_text_color=&#8221;#FFFFFF&#8221; title_font_size=&#8221;12px&#8221; title_line_height=&#8221;0.1em&#8221; subtitle_level=&#8221;h4&#8243; subtitle_text_color=&#8221;#FFFFFF&#8221; subtitle_font_size=&#8221;12px&#8221; custom_padding=&#8221;||||false|false&#8221; global_colors_info=&#8221;{}&#8221;][\/wdcl_image_carousel_child][wdcl_image_carousel_child photo=&#8221;https:\/\/wexfordpembrokeshirepilgrimway.org\/wp-content\/uploads\/2022\/10\/P1180313-750&#215;500-1.jpg&#8221; title=&#8221;Chapaill\u00edn\u00ed fiosrach&#8221; content_pos_y=&#8221;flex-end&#8221; title_bottom_spacing=&#8221;51px&#8221; _builder_version=&#8221;4.18.1&#8243; _module_preset=&#8221;default&#8221; title_level=&#8221;h4&#8243; title_text_color=&#8221;#FFFFFF&#8221; title_font_size=&#8221;12px&#8221; title_line_height=&#8221;0.1em&#8221; subtitle_level=&#8221;h4&#8243; subtitle_text_color=&#8221;#FFFFFF&#8221; subtitle_font_size=&#8221;12px&#8221; custom_padding=&#8221;||||false|false&#8221; global_colors_info=&#8221;{}&#8221;][\/wdcl_image_carousel_child][wdcl_image_carousel_child photo=&#8221;https:\/\/wexfordpembrokeshirepilgrimway.org\/wp-content\/uploads\/2022\/10\/CarnLlidiCromlech-750&#215;500-1.jpg&#8221; title=&#8221;Cromlech ar Carn Llidi&#8221; content_pos_y=&#8221;flex-end&#8221; title_bottom_spacing=&#8221;51px&#8221; _builder_version=&#8221;4.18.1&#8243; _module_preset=&#8221;default&#8221; title_level=&#8221;h4&#8243; title_text_color=&#8221;#FFFFFF&#8221; title_font_size=&#8221;12px&#8221; title_line_height=&#8221;0.1em&#8221; subtitle_level=&#8221;h4&#8243; subtitle_text_color=&#8221;#FFFFFF&#8221; subtitle_font_size=&#8221;12px&#8221; custom_padding=&#8221;||||false|false&#8221; global_colors_info=&#8221;{}&#8221;][\/wdcl_image_carousel_child][\/wdcl_image_carousel][\/et_pb_column][\/et_pb_row][\/et_pb_section][et_pb_section fb_built=&#8221;1&#8243; _builder_version=&#8221;4.18.0&#8243; _module_preset=&#8221;default&#8221; background_enable_pattern_style=&#8221;on&#8221; background_pattern_style=&#8221;waves&#8221; background_pattern_color=&#8221;rgba(0,0,0,0.03)&#8221; background_enable_mask_style=&#8221;on&#8221; background_mask_style=&#8221;bean&#8221; custom_padding=&#8221;25px||25px||false|false&#8221; global_colors_info=&#8221;{}&#8221;][et_pb_row column_structure=&#8221;2_5,3_5&#8243; _builder_version=&#8221;4.18.0&#8243; _module_preset=&#8221;default&#8221; global_colors_info=&#8221;{}&#8221;][et_pb_column type=&#8221;2_5&#8243; _builder_version=&#8221;4.16&#8243; _module_preset=&#8221;default&#8221; global_colors_info=&#8221;{}&#8221;][et_pb_text _builder_version=&#8221;4.18.0&#8243; _module_preset=&#8221;default&#8221; text_font=&#8221;Alegreya Sans|700|||||||&#8221; text_text_color=&#8221;#000000&#8243; header_3_font=&#8221;Alegreya Sans|700|||||||&#8221; header_3_text_align=&#8221;left&#8221; header_3_text_color=&#8221;#000000&#8243; header_3_font_size=&#8221;30px&#8221; animation_style=&#8221;slide&#8221; global_colors_info=&#8221;{}&#8221;]<\/p>\n<h3 style=\"text-align: center;\">S\u00e9ip\u00e9al Ph\u00e1draig<\/h3>\n<p>[\/et_pb_text][et_pb_image src=&#8221;https:\/\/wexfordpembrokeshirepilgrimway.org\/wp-content\/uploads\/2022\/11\/Patricks-chapel.png&#8221; alt=&#8221;Crois Cheilteach&#8221; title_text=&#8221;Crois Cheilteach&#8221; align=&#8221;center&#8221; _builder_version=&#8221;4.19.0&#8243; _module_preset=&#8221;default&#8221; width=&#8221;40%&#8221; global_colors_info=&#8221;{}&#8221;][\/et_pb_image][\/et_pb_column][et_pb_column type=&#8221;3_5&#8243; _builder_version=&#8221;4.18.0&#8243; _module_preset=&#8221;default&#8221; background_color=&#8221;#f5e1f0&#8243; border_radii=&#8221;on|5px|5px|5px|5px&#8221; global_colors_info=&#8221;{}&#8221;][et_pb_text _builder_version=&#8221;4.21.0&#8243; _module_preset=&#8221;default&#8221; text_font=&#8221;||||||||&#8221; custom_padding=&#8221;20px|20px|20px|20px|true|true&#8221; hover_enabled=&#8221;0&#8243; border_width_all=&#8221;1px&#8221; border_color_all=&#8221;#5f241c&#8221; global_colors_info=&#8221;{}&#8221; sticky_enabled=&#8221;0&#8243;]<\/p>\n<p>T\u00e1 traidisi\u00fan ann gur sheol Naomh P\u00e1draig \u00f3 Phort M\u00f3r (tr\u00e1 an Phoirt Bh\u00e1in) sa bhliain 432 AD chun \u00c9ire a thiont\u00fa ina Chr\u00edosta\u00edocht. T\u00e1 su\u00edomh s\u00e9ip\u00e9al Ceilteach, at\u00e1 tiomnaithe do Naomh P\u00e1draig, suite faoi thulach in aice leis an gcarrchl\u00f3s d\u00edreach lastoir den chuan, \u00e1it a meastar a bh\u00ed mar phointe d\u00edbhord\u00e1la d\u2019oilithrigh chuig Ardeaglais Naomh D\u00e1ith\u00ed.<\/p>\n<p>T\u00e1 breis agus 100 adhlacadh tugtha le fios ag tochailt na reilige go dt\u00ed seo. L\u00e9ir\u00edonn d\u00e1t\u00fa radacarb\u00f3in go raibh an reilig in \u00fas\u00e1id \u00f3n 6\u00fa haois go dt\u00ed an 11\u00fa haois AD Ina theannta sin, l\u00e9irigh anail\u00eds ar na cn\u00e1mharlaigh in Ollscoil Sheffield daonra measctha d&#8217;fhir, mhn\u00e1 agus leana\u00ed de gach aois. Ail\u00ednithe soir-siar leis na huaigheanna agus an ceann ar an taobh thiar. Ag teacht leis an traidisi\u00fan adhlactha Cr\u00edosta\u00ed n\u00ed raibh aon seal\u00fachais curtha leis na coirp. Bh\u00ed cuid de na cn\u00e1mharlaigh i gcist\u00ed \u2013 uaigheanna ar a raibh leaca cloiche agus ar a gcloigeann, traidisi\u00fan adhlactha a bh\u00ed coitianta ar fud iarthar na Breataine Bige sa tr\u00e9imhse luath-mhe\u00e1naoiseach.<\/p>\n<p>[\/et_pb_text][\/et_pb_column][\/et_pb_row][\/et_pb_section][et_pb_section fb_built=&#8221;1&#8243; _builder_version=&#8221;4.18.0&#8243; _module_preset=&#8221;default&#8221; background_color=&#8221;#5f241c&#8221; bottom_divider_color=&#8221;#eaeaea&#8221; bottom_divider_height=&#8221;50px&#8221; global_colors_info=&#8221;{}&#8221;][et_pb_row column_structure=&#8221;2_5,3_5&#8243; _builder_version=&#8221;4.17.6&#8243; _module_preset=&#8221;default&#8221; global_colors_info=&#8221;{}&#8221;][et_pb_column type=&#8221;2_5&#8243; _builder_version=&#8221;4.17.6&#8243; _module_preset=&#8221;default&#8221; global_colors_info=&#8221;{}&#8221;][et_pb_image src=&#8221;https:\/\/wexfordpembrokeshirepilgrimway.org\/wp-content\/uploads\/2022\/10\/Risso-Dolphin-2-Seatrust-Wales-750&#215;500-1.jpg&#8221; alt=&#8221;Deilfeanna Risso&#8221; title_text=&#8221;Deilfeanna Risso&#8221; _builder_version=&#8221;4.18.0&#8243; _module_preset=&#8221;default&#8221; global_colors_info=&#8221;{}&#8221;][\/et_pb_image][\/et_pb_column][et_pb_column type=&#8221;3_5&#8243; _builder_version=&#8221;4.17.6&#8243; _module_preset=&#8221;default&#8221; global_colors_info=&#8221;{}&#8221;][et_pb_text _builder_version=&#8221;4.19.0&#8243; _module_preset=&#8221;default&#8221; text_text_color=&#8221;#f5ede2&#8243; header_2_text_color=&#8221;#f5ede2&#8243; global_colors_info=&#8221;{}&#8221;]<\/p>\n<h2>CETACEANS<\/h2>\n<p>T\u00e1 na 5 Speiceas C\u00e9iticeach Mh\u00f3ra ina gc\u00f3na\u00ed sna farraig\u00ed timpeall ar Sir Benfro, is iad sin an deilf coitianta, an deilf bolgshr\u00f3nach, na muca mara, an deilf Risso agus na m\u00edolta m\u00f3ra mionc. Sa phicti\u00far seo t\u00e1 deilfeanna Risso inaitheanta tr\u00ed cheann leathan, gan gob agus eite droma ard.<\/p>\n<p>Molann <a href=\"https:\/\/seatrust.org.uk\/\" target=\"_blank\" rel=\"noopener\">Iontaobhas na Mara<\/a> teicn\u00edochta\u00ed chun c\u00e9iticigh a fheice\u00e1il \u2013 an fharraige a scanadh, ag lorg splanc gluaiseachta n\u00f3 datha (is fusa f\u00e9achaint ar fharraig\u00ed n\u00edos ci\u00faine); coinnigh ag f\u00e9achaint ar an bpointe; lorg comhartha\u00ed eile cos\u00fail le carnadh na n-\u00e9an a bheath\u00fa ar iasc \u00e1 bhr\u00fa chun an dromchla.<\/p>\n<p><em>Creidmheas \u00edomh\u00e1: Sea Trust, lonnaithe in Goodwick ag Ocean Lab ar aghaidh an chuain.<\/em><\/p>\n<p>[\/et_pb_text][\/et_pb_column][\/et_pb_row][\/et_pb_section][et_pb_section fb_built=&#8221;1&#8243; _builder_version=&#8221;4.19.0&#8243; _module_preset=&#8221;default&#8221; background_color=&#8221;#d8dce0&#8243; global_colors_info=&#8221;{}&#8221;][et_pb_row column_structure=&#8221;1_2,1_2&#8243; _builder_version=&#8221;4.18.0&#8243; _module_preset=&#8221;default&#8221; global_colors_info=&#8221;{}&#8221;][et_pb_column type=&#8221;1_2&#8243; _builder_version=&#8221;4.18.0&#8243; _module_preset=&#8221;default&#8221; global_colors_info=&#8221;{}&#8221;][et_pb_text _builder_version=&#8221;4.19.0&#8243; _module_preset=&#8221;default&#8221; header_2_font=&#8221;|700|||||||&#8221; header_2_text_align=&#8221;center&#8221; header_2_font_size=&#8221;32px&#8221; custom_margin=&#8221;||0px||false|false&#8221; custom_padding=&#8221;||||false|false&#8221; global_colors_info=&#8221;{}&#8221;]<\/p>\n<h2>Cl\u00e1raigh d\u00e1r Nuachtlitir<\/h2>\n<p><span>B\u00ed ar an gc\u00e9ad duine a bheidh ar an eolas faoi imeachta\u00ed treoraithe at\u00e1 \u00e1 dtairiscint ar an mbealach agus ar na forbairt\u00ed is d\u00e9ana\u00ed go l\u00e9ir agus muid ag druidim le seoladh oilithreachta in 2023. <\/span><\/p>\n<p><span><\/span><\/p>\n<p>[\/et_pb_text][et_pb_button button_url=&#8221;https:\/\/britishpilgrimage.us12.list-manage.com\/subscribe?u=5996208756aa6eb1548c20b1d&amp;id=275afa719d&#8221; url_new_window=&#8221;on&#8221; button_text=&#8221;Liost\u00e1il&#8221; button_alignment=&#8221;center&#8221; _builder_version=&#8221;4.18.0&#8243; _module_preset=&#8221;default&#8221; custom_button=&#8221;on&#8221; button_text_size=&#8221;16px&#8221; button_text_color=&#8221;#f5ede2&#8243; button_bg_color=&#8221;#5f241c&#8221; button_border_radius=&#8221;5px&#8221; button_font=&#8221;|600|||||||&#8221; button_icon=&#8221;&#x24;||divi||400&#8243; button_on_hover=&#8221;off&#8221; custom_margin=&#8221;||20px||false|false&#8221; custom_padding=&#8221;||||false|false&#8221; global_colors_info=&#8221;{}&#8221;][\/et_pb_button][\/et_pb_column][et_pb_column type=&#8221;1_2&#8243; _builder_version=&#8221;4.18.0&#8243; _module_preset=&#8221;default&#8221; global_colors_info=&#8221;{}&#8221;][et_pb_image src=&#8221;https:\/\/wexfordpembrokeshirepilgrimway.org\/wp-content\/uploads\/2022\/09\/AC-Trilingual-Landscape-Raven-500&#215;152-1.png&#8221; alt=&#8221;l\u00f3g\u00f3&#8221; title_text=&#8221;AC&#8212; Tr\u00edtheangach-T\u00edrdhreach&#8212; Raven-500&#215;152&#8243; align=&#8221;center&#8221; _builder_version=&#8221;4.18.1&#8243; _module_preset=&#8221;default&#8221; width=&#8221;80%&#8221; width_tablet=&#8221;60%&#8221; width_phone=&#8221;100%&#8221; width_last_edited=&#8221;on|tablet&#8221; custom_padding=&#8221;30px|75px||75px|false|false&#8221; global_colors_info=&#8221;{}&#8221;][\/et_pb_image][\/et_pb_column][\/et_pb_row][\/et_pb_section]<\/p>\n<span class=\"et_bloom_bottom_trigger\"><\/span>","protected":false},"excerpt":{"rendered":"<p>C\u00e9im dhr\u00e1mat\u00fail den oilithreacht le radharcanna iontacha cois c\u00f3sta agus lom\u00e1in charraigeacha maorga os a gcomhair agus t\u00fa ag si\u00fal go Cuan an Gainimh. <\/p>\n","protected":false},"author":1,"featured_media":0,"parent":0,"menu_order":0,"comment_status":"closed","ping_status":"closed","template":"","meta":{"_et_pb_use_builder":"on","_et_pb_old_content":"","_et_gb_content_width":"","_monsterinsights_skip_tracking":false,"_monsterinsights_sitenote_active":false,"_monsterinsights_sitenote_note":"","_monsterinsights_sitenote_category":0,"footnotes":""},"class_list":["post-7097","page","type-page","status-publish","hentry"],"yoast_head":"<!-- This site is optimized with the Yoast SEO plugin v27.5 - https:\/\/yoast.com\/product\/yoast-seo-wordpress\/ -->\n<title>8. Abereiddy go Whitesands - Wexford-Pembrokeshire Pilgrim Way<\/title>\n<meta name=\"description\" content=\"C\u00e9im dhr\u00e1mat\u00fail den oilithreacht le radharcanna iontacha cois c\u00f3sta agus lom\u00e1in charraigeacha maorga os a gcomhair agus t\u00fa ag si\u00fal go Cuan an Gainimh.\" \/>\n<meta name=\"robots\" content=\"index, follow, max-snippet:-1, max-image-preview:large, max-video-preview:-1\" \/>\n<link rel=\"canonical\" href=\"https:\/\/wexfordpembrokeshirepilgrimway.org\/ga\/8-obar-eide-go-dti-an-gaineamh-ban\/\" \/>\n<meta property=\"og:locale\" content=\"ga_IE\" \/>\n<meta property=\"og:type\" content=\"article\" \/>\n<meta property=\"og:title\" content=\"8. Abereiddy go Whitesands - Wexford-Pembrokeshire Pilgrim Way\" \/>\n<meta property=\"og:description\" content=\"C\u00e9im dhr\u00e1mat\u00fail den oilithreacht le radharcanna iontacha cois c\u00f3sta agus lom\u00e1in charraigeacha maorga os a gcomhair agus t\u00fa ag si\u00fal go Cuan an Gainimh.\" \/>\n<meta property=\"og:url\" content=\"https:\/\/wexfordpembrokeshirepilgrimway.org\/ga\/8-obar-eide-go-dti-an-gaineamh-ban\/\" \/>\n<meta property=\"og:site_name\" content=\"Wexford-Pembrokeshire Pilgrim Way\" \/>\n<meta property=\"article:modified_time\" content=\"2023-07-22T13:47:55+00:00\" \/>\n<meta name=\"twitter:card\" content=\"summary_large_image\" \/>\n<meta name=\"twitter:label1\" content=\"Est. reading time\" \/>\n\t<meta name=\"twitter:data1\" content=\"17 minutes\" \/>\n<script type=\"application\/ld+json\" class=\"yoast-schema-graph\">{\"@context\":\"https:\\\/\\\/schema.org\",\"@graph\":[{\"@type\":\"WebPage\",\"@id\":\"https:\\\/\\\/wexfordpembrokeshirepilgrimway.org\\\/ga\\\/8-obar-eide-go-dti-an-gaineamh-ban\\\/\",\"url\":\"https:\\\/\\\/wexfordpembrokeshirepilgrimway.org\\\/ga\\\/8-obar-eide-go-dti-an-gaineamh-ban\\\/\",\"name\":\"8. Abereiddy go Whitesands - Wexford-Pembrokeshire Pilgrim Way\",\"isPartOf\":{\"@id\":\"https:\\\/\\\/wexfordpembrokeshirepilgrimway.org\\\/ga\\\/#website\"},\"datePublished\":\"2022-10-29T05:18:46+00:00\",\"dateModified\":\"2023-07-22T13:47:55+00:00\",\"description\":\"C\u00e9im dhr\u00e1mat\u00fail den oilithreacht le radharcanna iontacha cois c\u00f3sta agus lom\u00e1in charraigeacha maorga os a gcomhair agus t\u00fa ag si\u00fal go Cuan an Gainimh.\",\"breadcrumb\":{\"@id\":\"https:\\\/\\\/wexfordpembrokeshirepilgrimway.org\\\/ga\\\/8-obar-eide-go-dti-an-gaineamh-ban\\\/#breadcrumb\"},\"inLanguage\":\"ga-IE\",\"potentialAction\":[{\"@type\":\"ReadAction\",\"target\":[\"https:\\\/\\\/wexfordpembrokeshirepilgrimway.org\\\/ga\\\/8-obar-eide-go-dti-an-gaineamh-ban\\\/\"]}]},{\"@type\":\"BreadcrumbList\",\"@id\":\"https:\\\/\\\/wexfordpembrokeshirepilgrimway.org\\\/ga\\\/8-obar-eide-go-dti-an-gaineamh-ban\\\/#breadcrumb\",\"itemListElement\":[{\"@type\":\"ListItem\",\"position\":1,\"name\":\"Home\",\"item\":\"https:\\\/\\\/wexfordpembrokeshirepilgrimway.org\\\/ga\\\/baile\\\/\"},{\"@type\":\"ListItem\",\"position\":2,\"name\":\"8. Abereiddy go Whitesands\"}]},{\"@type\":\"WebSite\",\"@id\":\"https:\\\/\\\/wexfordpembrokeshirepilgrimway.org\\\/ga\\\/#website\",\"url\":\"https:\\\/\\\/wexfordpembrokeshirepilgrimway.org\\\/ga\\\/\",\"name\":\"Wexford-Pembrokeshire Pilgrim Way\",\"description\":\"\",\"potentialAction\":[{\"@type\":\"SearchAction\",\"target\":{\"@type\":\"EntryPoint\",\"urlTemplate\":\"https:\\\/\\\/wexfordpembrokeshirepilgrimway.org\\\/ga\\\/?s={search_term_string}\"},\"query-input\":{\"@type\":\"PropertyValueSpecification\",\"valueRequired\":true,\"valueName\":\"search_term_string\"}}],\"inLanguage\":\"ga-IE\"}]}<\/script>\n<!-- \/ Yoast SEO plugin. -->","yoast_head_json":{"title":"8. Abereiddy go Whitesands - Wexford-Pembrokeshire Pilgrim Way","description":"C\u00e9im dhr\u00e1mat\u00fail den oilithreacht le radharcanna iontacha cois c\u00f3sta agus lom\u00e1in charraigeacha maorga os a gcomhair agus t\u00fa ag si\u00fal go Cuan an Gainimh.","robots":{"index":"index","follow":"follow","max-snippet":"max-snippet:-1","max-image-preview":"max-image-preview:large","max-video-preview":"max-video-preview:-1"},"canonical":"https:\/\/wexfordpembrokeshirepilgrimway.org\/ga\/8-obar-eide-go-dti-an-gaineamh-ban\/","og_locale":"ga_IE","og_type":"article","og_title":"8. Abereiddy go Whitesands - Wexford-Pembrokeshire Pilgrim Way","og_description":"C\u00e9im dhr\u00e1mat\u00fail den oilithreacht le radharcanna iontacha cois c\u00f3sta agus lom\u00e1in charraigeacha maorga os a gcomhair agus t\u00fa ag si\u00fal go Cuan an Gainimh.","og_url":"https:\/\/wexfordpembrokeshirepilgrimway.org\/ga\/8-obar-eide-go-dti-an-gaineamh-ban\/","og_site_name":"Wexford-Pembrokeshire Pilgrim Way","article_modified_time":"2023-07-22T13:47:55+00:00","twitter_card":"summary_large_image","twitter_misc":{"Est. reading time":"17 minutes"},"schema":{"@context":"https:\/\/schema.org","@graph":[{"@type":"WebPage","@id":"https:\/\/wexfordpembrokeshirepilgrimway.org\/ga\/8-obar-eide-go-dti-an-gaineamh-ban\/","url":"https:\/\/wexfordpembrokeshirepilgrimway.org\/ga\/8-obar-eide-go-dti-an-gaineamh-ban\/","name":"8. Abereiddy go Whitesands - Wexford-Pembrokeshire Pilgrim Way","isPartOf":{"@id":"https:\/\/wexfordpembrokeshirepilgrimway.org\/ga\/#website"},"datePublished":"2022-10-29T05:18:46+00:00","dateModified":"2023-07-22T13:47:55+00:00","description":"C\u00e9im dhr\u00e1mat\u00fail den oilithreacht le radharcanna iontacha cois c\u00f3sta agus lom\u00e1in charraigeacha maorga os a gcomhair agus t\u00fa ag si\u00fal go Cuan an Gainimh.","breadcrumb":{"@id":"https:\/\/wexfordpembrokeshirepilgrimway.org\/ga\/8-obar-eide-go-dti-an-gaineamh-ban\/#breadcrumb"},"inLanguage":"ga-IE","potentialAction":[{"@type":"ReadAction","target":["https:\/\/wexfordpembrokeshirepilgrimway.org\/ga\/8-obar-eide-go-dti-an-gaineamh-ban\/"]}]},{"@type":"BreadcrumbList","@id":"https:\/\/wexfordpembrokeshirepilgrimway.org\/ga\/8-obar-eide-go-dti-an-gaineamh-ban\/#breadcrumb","itemListElement":[{"@type":"ListItem","position":1,"name":"Home","item":"https:\/\/wexfordpembrokeshirepilgrimway.org\/ga\/baile\/"},{"@type":"ListItem","position":2,"name":"8. Abereiddy go Whitesands"}]},{"@type":"WebSite","@id":"https:\/\/wexfordpembrokeshirepilgrimway.org\/ga\/#website","url":"https:\/\/wexfordpembrokeshirepilgrimway.org\/ga\/","name":"Wexford-Pembrokeshire Pilgrim Way","description":"","potentialAction":[{"@type":"SearchAction","target":{"@type":"EntryPoint","urlTemplate":"https:\/\/wexfordpembrokeshirepilgrimway.org\/ga\/?s={search_term_string}"},"query-input":{"@type":"PropertyValueSpecification","valueRequired":true,"valueName":"search_term_string"}}],"inLanguage":"ga-IE"}]}},"featured_image_src":null,"featured_image_src_square":null,"_links":{"self":[{"href":"https:\/\/wexfordpembrokeshirepilgrimway.org\/ga\/wp-json\/wp\/v2\/pages\/7097","targetHints":{"allow":["GET"]}}],"collection":[{"href":"https:\/\/wexfordpembrokeshirepilgrimway.org\/ga\/wp-json\/wp\/v2\/pages"}],"about":[{"href":"https:\/\/wexfordpembrokeshirepilgrimway.org\/ga\/wp-json\/wp\/v2\/types\/page"}],"author":[{"embeddable":true,"href":"https:\/\/wexfordpembrokeshirepilgrimway.org\/ga\/wp-json\/wp\/v2\/users\/1"}],"replies":[{"embeddable":true,"href":"https:\/\/wexfordpembrokeshirepilgrimway.org\/ga\/wp-json\/wp\/v2\/comments?post=7097"}],"version-history":[{"count":0,"href":"https:\/\/wexfordpembrokeshirepilgrimway.org\/ga\/wp-json\/wp\/v2\/pages\/7097\/revisions"}],"wp:attachment":[{"href":"https:\/\/wexfordpembrokeshirepilgrimway.org\/ga\/wp-json\/wp\/v2\/media?parent=7097"}],"curies":[{"name":"wp","href":"https:\/\/api.w.org\/{rel}","templated":true}]}}