{"id":7154,"date":"2022-10-31T15:33:15","date_gmt":"2022-10-31T15:33:15","guid":{"rendered":"https:\/\/wexfordpembrokeshirepilgrimway.org\/3-geata-an-ola-go-baile-an-phiarsaigh\/"},"modified":"2023-07-22T13:43:28","modified_gmt":"2023-07-22T13:43:28","slug":"3-geata-an-ola-go-baile-an-phiarsaigh","status":"publish","type":"page","link":"https:\/\/wexfordpembrokeshirepilgrimway.org\/ga\/3-geata-an-ola-go-baile-an-phiarsaigh\/","title":{"rendered":"3. Maol\u00e1n na nGabhar go Baile an Phiarsaigh"},"content":{"rendered":"<p>[et_pb_section fb_built=&#8221;1&#8243; fullwidth=&#8221;on&#8221; _builder_version=&#8221;4.17.1&#8243; _module_preset=&#8221;default&#8221; global_colors_info=&#8221;{}&#8221;][et_pb_fullwidth_code _builder_version=&#8221;4.18.1&#8243; _module_preset=&#8221;default&#8221; global_colors_info=&#8221;{}&#8221;]<script type=\"text\/javascript\" src=\"https:\/\/www.outdooractive.com\/en\/embed\/801300097\/js?mw=false&amp;usr=d8jbnd&amp;key=USR-L458J3XV-EMWGKWGV-4OSSX99V&amp;s=i\"><\/script>[\/et_pb_fullwidth_code][\/et_pb_section][et_pb_section fb_built=&#8221;1&#8243; _builder_version=&#8221;4.19.0&#8243; _module_preset=&#8221;default&#8221; background_color=&#8221;#d8dce0&#8243; background_enable_image=&#8221;off&#8221; background_size=&#8221;custom&#8221; background_image_width=&#8221;12%&#8221; background_position=&#8221;top_right&#8221; background_horizontal_offset=&#8221;10%&#8221; background_vertical_offset=&#8221;3%&#8221; custom_padding=&#8221;0px||0px||false|false&#8221; bottom_divider_color=&#8221;#5f241c&#8221; bottom_divider_height=&#8221;50px&#8221; global_colors_info=&#8221;{}&#8221; theme_builder_area=&#8221;post_content&#8221;][et_pb_row column_structure=&#8221;1_2,1_2&#8243; _builder_version=&#8221;4.19.4&#8243; _module_preset=&#8221;default&#8221; custom_padding=&#8221;||0px||false|false&#8221; global_colors_info=&#8221;{}&#8221; theme_builder_area=&#8221;post_content&#8221;][et_pb_column type=&#8221;1_2&#8243; _builder_version=&#8221;4.18.0&#8243; _module_preset=&#8221;default&#8221; global_colors_info=&#8221;{}&#8221; theme_builder_area=&#8221;post_content&#8221;][et_pb_button button_url=&#8221;https:\/\/www.outdooractive.com\/en\/route\/pilgrim-walk\/southeast-ireland\/wppw-3.-oilgate-to-piercestown\/801300097\/&#8221; url_new_window=&#8221;on&#8221; button_text=&#8221;Oscail L\u00e9arsc\u00e1il san Aip Ghn\u00edomhach Allamuigh&#8221; button_alignment=&#8221;center&#8221; _builder_version=&#8221;4.20.0&#8243; _module_preset=&#8221;default&#8221; custom_button=&#8221;on&#8221; button_text_size=&#8221;16px&#8221; button_text_color=&#8221;#f5ede2&#8243; button_bg_color=&#8221;#5f241c&#8221; button_border_radius=&#8221;5px&#8221; button_font=&#8221;|600|||||||&#8221; button_icon=&#8221;&#x24;||divi||400&#8243; button_on_hover=&#8221;off&#8221; hover_enabled=&#8221;0&#8243; global_colors_info=&#8221;{}&#8221; theme_builder_area=&#8221;post_content&#8221; sticky_enabled=&#8221;0&#8243;][\/et_pb_button][\/et_pb_column][et_pb_column type=&#8221;1_2&#8243; _builder_version=&#8221;4.18.0&#8243; _module_preset=&#8221;default&#8221; global_colors_info=&#8221;{}&#8221; theme_builder_area=&#8221;post_content&#8221;][et_pb_button button_url=&#8221;https:\/\/wexfordpembrokeshirepilgrimway.org\/digital-mapping-guidance\/&#8221; button_text=&#8221;Treoir Map\u00e1la Digiteach&#8221; button_alignment=&#8221;center&#8221; _builder_version=&#8221;4.20.0&#8243; _module_preset=&#8221;default&#8221; custom_button=&#8221;on&#8221; button_text_size=&#8221;16px&#8221; button_text_color=&#8221;#f5ede2&#8243; button_bg_color=&#8221;#5f241c&#8221; button_border_radius=&#8221;5px&#8221; button_font=&#8221;|600|||||||&#8221; button_icon=&#8221;&#x24;||divi||400&#8243; button_on_hover=&#8221;off&#8221; global_colors_info=&#8221;{}&#8221; theme_builder_area=&#8221;post_content&#8221;][\/et_pb_button][\/et_pb_column][\/et_pb_row][\/et_pb_section][et_pb_section fb_built=&#8221;1&#8243; _builder_version=&#8221;4.19.0&#8243; _module_preset=&#8221;default&#8221; background_color=&#8221;#d8dce0&#8243; background_enable_image=&#8221;off&#8221; background_size=&#8221;custom&#8221; background_image_width=&#8221;12%&#8221; background_position=&#8221;top_right&#8221; background_horizontal_offset=&#8221;10%&#8221; background_vertical_offset=&#8221;3%&#8221; custom_padding=&#8221;0px||0px||false|false&#8221; bottom_divider_color=&#8221;#5f241c&#8221; bottom_divider_height=&#8221;50px&#8221; global_colors_info=&#8221;{}&#8221;][et_pb_row _builder_version=&#8221;4.19.4&#8243; _module_preset=&#8221;default&#8221; custom_padding=&#8221;||0px||false|false&#8221; global_colors_info=&#8221;{}&#8221;][et_pb_column type=&#8221;4_4&#8243; _builder_version=&#8221;4.18.0&#8243; _module_preset=&#8221;default&#8221; global_colors_info=&#8221;{}&#8221;][et_pb_code _builder_version=&#8221;4.19.4&#8243; _module_preset=&#8221;default&#8221; text_orientation=&#8221;right&#8221; custom_padding=&#8221;||||false|false&#8221; global_colors_info=&#8221;{}&#8221;][\/et_pb_code][et_pb_text _builder_version=&#8221;4.18.0&#8243; _module_preset=&#8221;default&#8221; global_colors_info=&#8221;{}&#8221;]<\/p>\n<h1 style=\"text-align: center;\">FORBHREATHN\u00da<\/h1>\n<p>[\/et_pb_text][\/et_pb_column][\/et_pb_row][\/et_pb_section][et_pb_section fb_built=&#8221;1&#8243; _builder_version=&#8221;4.19.0&#8243; _module_preset=&#8221;default&#8221; background_color=&#8221;#d8dce0&#8243; custom_padding=&#8221;0px||||false|false&#8221; bottom_divider_style=&#8221;curve2&#8243; bottom_divider_color=&#8221;#5f241c&#8221; bottom_divider_height=&#8221;50px&#8221; global_colors_info=&#8221;{}&#8221;][et_pb_row _builder_version=&#8221;4.18.0&#8243; _module_preset=&#8221;default&#8221; custom_padding=&#8221;||||false|false&#8221; global_colors_info=&#8221;{}&#8221;][et_pb_column type=&#8221;4_4&#8243; _builder_version=&#8221;4.18.0&#8243; _module_preset=&#8221;default&#8221; custom_padding=&#8221;||||false|false&#8221; global_colors_info=&#8221;{}&#8221;][et_pb_text _builder_version=&#8221;4.18.1&#8243; _module_preset=&#8221;default&#8221; text_font=&#8221;Fort-Light||||||||&#8221; global_colors_info=&#8221;{}&#8221;]<\/p>\n<p>D\u00edreach taobh thiar de Gheata an Ola t\u00e1 Tobar Naomh Dh\u00e1iv\u00ed a deirtear a bheith beannaithe ag Naomh D\u00e1ibh\u00ed ar chuairt \u00c9ireannach. De r\u00e9ir an tseanchais, l\u00edonann oilithrigh an dara buid\u00e9al le huisce as an tobar a chreidtear a bhfuil air\u00edonna leigheasacha ann, agus go n-iompra\u00edonn siad \u00e9 go Tigh David.<\/p>\n<p>Tar \u00e9is duit an tSl\u00e1ine a thrasn\u00fa, b\u2019fh\u00e9idir gur mhaith leat cuairt a thabhairt ar Ph\u00e1irc Oidhreachta N\u00e1isi\u00fanta na h\u00c9ireann, iarsmalann lasmuigh 35 acra a thaispe\u00e1nann 9,000 bliain de Stair na h\u00c9ireann \u00f3n tr\u00e9imhse Clochaoise go dt\u00ed ionradh na Normannach sa bhliain 1169. T\u00e1 sampla ag an bP\u00e1irc de Chloch Oghaim, a l\u00e9ir\u00edonn an fhoirm is sine den scr\u00edbhneoireacht Cheilteach. T\u00e1 na clocha seo le feice\u00e1il ar fud Sir Benfro freisin, a l\u00e9ir\u00edonn na naisc \u00e1rsa idir \u00c9irinn agus an Bhreatain Bheag. T\u00e1 athchruth\u00fa sa ph\u00e1irc freisin ar lonna\u00edocht mhainistreach Cheilteach \u00f3 aimsir Aidan agus David, lena n-\u00e1ir\u00edtear cros ard, s\u00e9ip\u00e9al agus \u00e1iteamh feirme le coirceoga.<\/p>\n<p>Tar ar ais ar an mbealach tr\u00ed Conair na dTr\u00ed Charraig a lean\u00faint, ag dul thar Balla an Ghorta sula n-ard\u00f3idh t\u00fa Sliabh an Fhoirthe go Carraigeacha na Gaoithe, a thugann radharcanna thar an loch \u00e1lainn ag Cair\u00e9al Charraig Phuill.<\/p>\n<p>Leanann do thuras ar aghaidh go dt\u00ed tailte t\u00edrdhreachtaithe Chaisle\u00e1n Bhaile She\u00e1in, \u00e1it a bhfuil beitheach c\u00e1ili\u00fail (\u00e1it do bheacha). Lig neart ama chun an su\u00edomh suimi\u00fail seo a ini\u00fachadh. F\u00e1g Caisle\u00e1n Bhaile She\u00e1in ar an mb\u00f3thar thar fhoirgnimh an ionaid taighde, ansin luascadh ar dheis go dt\u00ed deireadh ag sr\u00e1idbhaile Piercestown.<\/p>\n<p>[\/et_pb_text][\/et_pb_column][\/et_pb_row][\/et_pb_section][et_pb_section fb_built=&#8221;1&#8243; _builder_version=&#8221;4.19.0&#8243; _module_preset=&#8221;default&#8221; background_color=&#8221;#f5ede2&#8243; custom_padding=&#8221;||0px||false|false&#8221; bottom_divider_color=&#8221;#eaeaea&#8221; bottom_divider_height=&#8221;50px&#8221; global_colors_info=&#8221;{}&#8221;][et_pb_row _builder_version=&#8221;4.18.1&#8243; _module_preset=&#8221;default&#8221; custom_padding=&#8221;||0px||false|false&#8221; global_colors_info=&#8221;{}&#8221;][et_pb_column type=&#8221;4_4&#8243; _builder_version=&#8221;4.18.1&#8243; _module_preset=&#8221;default&#8221; global_colors_info=&#8221;{}&#8221;][et_pb_text _builder_version=&#8221;4.18.1&#8243; _module_preset=&#8221;default&#8221; global_colors_info=&#8221;{}&#8221;]<\/p>\n<h2 style=\"text-align: center;\">BUAICPHOINT\u00cd \/ \u00c1ITEANNA LEASMHARA<\/h2>\n<p>[\/et_pb_text][\/et_pb_column][\/et_pb_row][et_pb_row column_structure=&#8221;1_2,1_2&#8243; _builder_version=&#8221;4.17.6&#8243; _module_preset=&#8221;default&#8221; global_colors_info=&#8221;{}&#8221;][et_pb_column type=&#8221;1_2&#8243; _builder_version=&#8221;4.17.6&#8243; _module_preset=&#8221;default&#8221; global_colors_info=&#8221;{}&#8221;][et_pb_toggle title=&#8221;Tobar na Naomh&#8221; open_toggle_text_color=&#8221;#f55f23&#8243; open_toggle_background_color=&#8221;#f5ede2&#8243; closed_toggle_text_color=&#8221;#f5ede2&#8243; closed_toggle_background_color=&#8221;#f55f23&#8243; icon_color=&#8221;#f5ede2&#8243; toggle_icon=&#8221;&#xf055;||fa||900&#8243; use_icon_font_size=&#8221;on&#8221; icon_font_size=&#8221;20px&#8221; open_icon_color=&#8221;#f55f23&#8243; open_use_icon_font_size=&#8221;on&#8221; open_icon_font_size=&#8221;20px&#8221; _builder_version=&#8221;4.18.1&#8243; _module_preset=&#8221;default&#8221; title_text_color=&#8221;#f5ede2&#8243; body_text_color=&#8221;#1b1b19&#8243; background_color=&#8221;#f55f23&#8243; global_colors_info=&#8221;{}&#8221;]<\/p>\n<p>Is \u00e1it oilithreachta \u00e9 Tobar Naomh Dh\u00e1iv\u00ed leis na c\u00e9adta bliain agus daoine tarraingthe chuig na huisc\u00ed cneasaithe a bhfuil c\u00e1il orthu. Is cruth neamhghn\u00e1ch eochrach \u00e9 an tobar le roinnt c\u00e9imeanna ag tabhairt an chuairteora s\u00edos i dtreo uisc\u00ed an tobair. Is \u00e9 an t-am is m\u00f3 t\u00f3ir chun cuairt a thabhairt ar L\u00e1 Fh\u00e9ile David a cheili\u00faradh ar 1 M\u00e1rta.<\/p>\n<p>[\/et_pb_toggle][et_pb_toggle title=&#8221;Cair\u00e9al Charraig Fhoill&#8221; open_toggle_text_color=&#8221;#f55f23&#8243; open_toggle_background_color=&#8221;#f5ede2&#8243; closed_toggle_text_color=&#8221;#f5ede2&#8243; closed_toggle_background_color=&#8221;#f55f23&#8243; icon_color=&#8221;#f5ede2&#8243; toggle_icon=&#8221;&#xf055;||fa||900&#8243; use_icon_font_size=&#8221;on&#8221; icon_font_size=&#8221;20px&#8221; open_icon_color=&#8221;#f55f23&#8243; open_use_icon_font_size=&#8221;on&#8221; open_icon_font_size=&#8221;20px&#8221; _builder_version=&#8221;4.18.1&#8243; _module_preset=&#8221;default&#8221; title_text_color=&#8221;#f5ede2&#8243; body_text_color=&#8221;#1b1b19&#8243; background_color=&#8221;#f55f23&#8243; global_colors_info=&#8221;{}&#8221;]<\/p>\n<p>\u00c1it a bhfuil an-t\u00f3ir air is ea Cair\u00e9al Charraig Fhabhail le loch picti\u00fartha ar imeall aillte agus foraois\u00ed. Su\u00edomh cair\u00e9il roimhe seo, thosaigh an cuan ag l\u00edonadh le screamhuisce nuair a chr\u00edochnaigh an obair anseo chun an loch \u00e1lainn a fhoirmi\u00fa. Cos\u00fail le gach loch cair\u00e9il, n\u00ed m\u00f3r a bheith c\u00faramach agus n\u00ed mholtar sn\u00e1mha mar gheall ar fhuar an uisce \u00f3n doimhneacht mh\u00f3r.<\/p>\n<p>[\/et_pb_toggle][\/et_pb_column][et_pb_column type=&#8221;1_2&#8243; _builder_version=&#8221;4.17.6&#8243; _module_preset=&#8221;default&#8221; global_colors_info=&#8221;{}&#8221;][et_pb_toggle title=&#8221;Caisle\u00e1n Bhaile She\u00e1in&#8221; open_toggle_text_color=&#8221;#f55f23&#8243; open_toggle_background_color=&#8221;#f5ede2&#8243; closed_toggle_text_color=&#8221;#f5ede2&#8243; closed_toggle_background_color=&#8221;#f55f23&#8243; icon_color=&#8221;#f5ede2&#8243; toggle_icon=&#8221;&#xf055;||fa||900&#8243; use_icon_font_size=&#8221;on&#8221; icon_font_size=&#8221;20px&#8221; open_icon_color=&#8221;#f55f23&#8243; open_use_icon_font_size=&#8221;on&#8221; open_icon_font_size=&#8221;20px&#8221; _builder_version=&#8221;4.18.1&#8243; _module_preset=&#8221;default&#8221; title_text_color=&#8221;#f5ede2&#8243; body_text_color=&#8221;#1b1b19&#8243; background_color=&#8221;#f55f23&#8243; global_colors_info=&#8221;{}&#8221;]<\/p>\n<p>Cuireann Caisle\u00e1n Bhaile She\u00e1in go leor sp\u00e9ise don chuairteoir le Caisle\u00e1n na hAthbheochana Gotach, M\u00fasaem Talmha\u00edochta na h\u00c9ireann agus gaird\u00edn\u00ed fairsinge t\u00edrdhreachtaithe. T\u00e1 beil\u00e9ar cl\u00faiteach ar thailte an chaisle\u00e1in, \u00f3s rud \u00e9 go bhfuil an aer\u00e1id ghrianmhar oiri\u00fanach chun beacha a iomad\u00fa.<\/p>\n<p>&nbsp;<\/p>\n<p>[\/et_pb_toggle][et_pb_toggle title=&#8221;Balla an Ghorta&#8221; open_toggle_text_color=&#8221;#f55f23&#8243; open_toggle_background_color=&#8221;#f5ede2&#8243; closed_toggle_text_color=&#8221;#f5ede2&#8243; closed_toggle_background_color=&#8221;#f55f23&#8243; icon_color=&#8221;#f5ede2&#8243; toggle_icon=&#8221;&#xf055;||fa||900&#8243; use_icon_font_size=&#8221;on&#8221; icon_font_size=&#8221;20px&#8221; open_icon_color=&#8221;#f55f23&#8243; open_use_icon_font_size=&#8221;on&#8221; open_icon_font_size=&#8221;20px&#8221; _builder_version=&#8221;4.18.1&#8243; _module_preset=&#8221;default&#8221; title_text_color=&#8221;#f5ede2&#8243; body_text_color=&#8221;#1b1b19&#8243; background_color=&#8221;#f55f23&#8243; global_colors_info=&#8221;{}&#8221;]<\/p>\n<p>Ar Chos\u00e1n na dTr\u00ed Charraig, rachaidh t\u00fa thar Bhalla an Ghorta ar dheis. T\u00f3gadh na balla\u00ed seo le linn Ghorta na h\u00c9ireann sna 1840id\u00ed mar oibreacha faoisimh a bh\u00ed \u00e1 re\u00e1cht\u00e1il ag an s\u00e9ip\u00e9al agus ag \u00fain\u00e9ir\u00ed tal\u00fan \u00e1iti\u00fala. Bh\u00ed tionchar ollmh\u00f3r ag an nGorta ar \u00c9irinn le 1 milli\u00fan ag f\u00e1il bh\u00e1is agus 1 mhilli\u00fan ag dul ar imirce.<\/p>\n<p>[\/et_pb_toggle][\/et_pb_column][\/et_pb_row][et_pb_row _builder_version=&#8221;4.18.0&#8243; _module_preset=&#8221;default&#8221; custom_padding=&#8221;||0px||false|false&#8221; global_colors_info=&#8221;{}&#8221;][et_pb_column type=&#8221;4_4&#8243; _builder_version=&#8221;4.18.0&#8243; _module_preset=&#8221;default&#8221; global_colors_info=&#8221;{}&#8221;][et_pb_divider color=&#8221;#5f241c&#8221; disabled_on=&#8221;on|off|off&#8221; _builder_version=&#8221;4.18.1&#8243; _module_preset=&#8221;default&#8221; custom_padding=&#8221;||||false|false&#8221; global_colors_info=&#8221;{}&#8221;][\/et_pb_divider][\/et_pb_column][\/et_pb_row][\/et_pb_section][et_pb_section fb_built=&#8221;1&#8243; disabled_on=&#8221;on|off|off&#8221; _builder_version=&#8221;4.19.0&#8243; _module_preset=&#8221;default&#8221; background_color=&#8221;#f5ede2&#8243; custom_margin=&#8221;||||false|false&#8221; custom_padding=&#8221;0px||0px||false|false&#8221; global_colors_info=&#8221;{}&#8221;][et_pb_row _builder_version=&#8221;4.17.6&#8243; _module_preset=&#8221;default&#8221; global_colors_info=&#8221;{}&#8221;][et_pb_column type=&#8221;4_4&#8243; _builder_version=&#8221;4.17.6&#8243; _module_preset=&#8221;default&#8221; custom_padding=&#8221;0px||0px||false|false&#8221; global_colors_info=&#8221;{}&#8221;][wdcl_image_carousel _builder_version=&#8221;4.19.0&#8243; _module_preset=&#8221;default&#8221; global_colors_info=&#8221;{}&#8221;][wdcl_image_carousel_child photo=&#8221;https:\/\/wexfordpembrokeshirepilgrimway.org\/wp-content\/uploads\/2022\/11\/DSC05402-750&#215;500-1.jpg&#8221; title=&#8221;Sliabh an Fhoirthe&#8221; content_pos_y=&#8221;flex-end&#8221; title_bottom_spacing=&#8221;51px&#8221; _builder_version=&#8221;4.19.0&#8243; _module_preset=&#8221;default&#8221; title_level=&#8221;h4&#8243; title_text_color=&#8221;#FFFFFF&#8221; title_font_size=&#8221;12px&#8221; title_line_height=&#8221;0.1em&#8221; subtitle_level=&#8221;h4&#8243; subtitle_text_color=&#8221;#FFFFFF&#8221; subtitle_font_size=&#8221;12px&#8221; custom_padding=&#8221;||||false|false&#8221; global_colors_info=&#8221;{}&#8221;][\/wdcl_image_carousel_child][wdcl_image_carousel_child photo=&#8221;https:\/\/wexfordpembrokeshirepilgrimway.org\/wp-content\/uploads\/2022\/11\/MGF01756-750&#215;500-1.jpg&#8221; title=&#8221;Sliabh an Fhoirthe&#8221; content_pos_y=&#8221;flex-end&#8221; title_bottom_spacing=&#8221;51px&#8221; _builder_version=&#8221;4.19.0&#8243; _module_preset=&#8221;default&#8221; title_level=&#8221;h4&#8243; title_text_color=&#8221;#FFFFFF&#8221; title_font_size=&#8221;12px&#8221; title_line_height=&#8221;0.1em&#8221; subtitle_level=&#8221;h4&#8243; subtitle_text_color=&#8221;#FFFFFF&#8221; subtitle_font_size=&#8221;12px&#8221; custom_padding=&#8221;||||false|false&#8221; global_colors_info=&#8221;{}&#8221;][\/wdcl_image_carousel_child][wdcl_image_carousel_child photo=&#8221;https:\/\/wexfordpembrokeshirepilgrimway.org\/wp-content\/uploads\/2022\/11\/MGF01663-750&#215;500-1.jpg&#8221; title=&#8221;Oilithrigh&#8221; content_pos_y=&#8221;flex-end&#8221; title_bottom_spacing=&#8221;51px&#8221; _builder_version=&#8221;4.19.0&#8243; _module_preset=&#8221;default&#8221; title_level=&#8221;h4&#8243; title_text_color=&#8221;#FFFFFF&#8221; title_font_size=&#8221;12px&#8221; title_line_height=&#8221;0.1em&#8221; subtitle_level=&#8221;h4&#8243; subtitle_text_color=&#8221;#FFFFFF&#8221; subtitle_font_size=&#8221;12px&#8221; custom_padding=&#8221;||||false|false&#8221; global_colors_info=&#8221;{}&#8221;][\/wdcl_image_carousel_child][wdcl_image_carousel_child photo=&#8221;https:\/\/wexfordpembrokeshirepilgrimway.org\/wp-content\/uploads\/2022\/11\/LARGE-Camino-Creative-FULL-TBP-Will-Philpin-pilgrims-750&#215;500-1.jpg&#8221; title=&#8221;Oilithrigh&#8221; sub_title=&#8221;Creidmheas Grianghraf &#8211; Will Philpin&#8221; content_pos_y=&#8221;flex-end&#8221; title_bottom_spacing=&#8221;51px&#8221; _builder_version=&#8221;4.19.0&#8243; _module_preset=&#8221;default&#8221; title_level=&#8221;h4&#8243; title_text_color=&#8221;#FFFFFF&#8221; title_font_size=&#8221;12px&#8221; title_line_height=&#8221;0.1em&#8221; subtitle_level=&#8221;h4&#8243; subtitle_text_color=&#8221;#FFFFFF&#8221; subtitle_font_size=&#8221;12px&#8221; custom_padding=&#8221;||||false|false&#8221; global_colors_info=&#8221;{}&#8221;][\/wdcl_image_carousel_child][wdcl_image_carousel_child photo=&#8221;https:\/\/wexfordpembrokeshirepilgrimway.org\/wp-content\/uploads\/2022\/11\/LARGE-Camino-Creative-FULL-TBP-Will-Philpin-johnstown-750&#215;500-1.jpg&#8221; title=&#8221;Baile She\u00e1in&#8221; sub_title=&#8221;Creidmheas Grianghraf &#8211; Will Philpin&#8221; content_pos_y=&#8221;flex-end&#8221; title_bottom_spacing=&#8221;51px&#8221; _builder_version=&#8221;4.19.0&#8243; _module_preset=&#8221;default&#8221; title_level=&#8221;h4&#8243; title_text_color=&#8221;#FFFFFF&#8221; title_font_size=&#8221;12px&#8221; title_line_height=&#8221;0.1em&#8221; subtitle_level=&#8221;h4&#8243; subtitle_text_color=&#8221;#FFFFFF&#8221; subtitle_font_size=&#8221;12px&#8221; custom_padding=&#8221;||||false|false&#8221; global_colors_info=&#8221;{}&#8221;][\/wdcl_image_carousel_child][wdcl_image_carousel_child photo=&#8221;https:\/\/wexfordpembrokeshirepilgrimway.org\/wp-content\/uploads\/2022\/11\/LARGE-Camino-Creative-FULL-TBP-Will-Philpin-750&#215;500-2.jpg&#8221; title=&#8221;Baile She\u00e1in&#8221; sub_title=&#8221;Creidmheas Grianghraf &#8211; Will Philpin&#8221; content_pos_y=&#8221;flex-end&#8221; title_bottom_spacing=&#8221;51px&#8221; _builder_version=&#8221;4.19.0&#8243; _module_preset=&#8221;default&#8221; title_level=&#8221;h4&#8243; title_text_color=&#8221;#FFFFFF&#8221; title_font_size=&#8221;12px&#8221; title_line_height=&#8221;0.1em&#8221; subtitle_level=&#8221;h4&#8243; subtitle_text_color=&#8221;#FFFFFF&#8221; subtitle_font_size=&#8221;12px&#8221; custom_padding=&#8221;||||false|false&#8221; global_colors_info=&#8221;{}&#8221;][\/wdcl_image_carousel_child][wdcl_image_carousel_child photo=&#8221;https:\/\/wexfordpembrokeshirepilgrimway.org\/wp-content\/uploads\/2022\/11\/CelticRoutes-NatHeritPark-DJI_0529-750&#215;500-1.jpg&#8221; title=&#8221;P\u00e1irc Oidhreachta N\u00e1isi\u00fanta&#8221; sub_title=&#8221;Creidmheas Grianghraf &#8211; Celtic Routes&#8221; content_pos_y=&#8221;flex-end&#8221; title_bottom_spacing=&#8221;51px&#8221; _builder_version=&#8221;4.19.0&#8243; _module_preset=&#8221;default&#8221; title_level=&#8221;h4&#8243; title_text_color=&#8221;#FFFFFF&#8221; title_font_size=&#8221;12px&#8221; title_line_height=&#8221;0.1em&#8221; subtitle_level=&#8221;h4&#8243; subtitle_text_color=&#8221;#FFFFFF&#8221; subtitle_font_size=&#8221;12px&#8221; custom_padding=&#8221;||||false|false&#8221; global_colors_info=&#8221;{}&#8221;][\/wdcl_image_carousel_child][wdcl_image_carousel_child photo=&#8221;https:\/\/wexfordpembrokeshirepilgrimway.org\/wp-content\/uploads\/2022\/11\/CelticRoutes-NatHeritPark-750&#215;500-1.jpg&#8221; title=&#8221;P\u00e1irc Oidhreachta N\u00e1isi\u00fanta&#8221; sub_title=&#8221;Creidmheas Grianghraf &#8211; Celtic Routes&#8221; content_pos_y=&#8221;flex-end&#8221; title_bottom_spacing=&#8221;51px&#8221; _builder_version=&#8221;4.19.0&#8243; _module_preset=&#8221;default&#8221; title_level=&#8221;h4&#8243; title_text_color=&#8221;#FFFFFF&#8221; title_font_size=&#8221;12px&#8221; title_line_height=&#8221;0.1em&#8221; subtitle_level=&#8221;h4&#8243; subtitle_text_color=&#8221;#FFFFFF&#8221; subtitle_font_size=&#8221;12px&#8221; custom_padding=&#8221;||||false|false&#8221; global_colors_info=&#8221;{}&#8221;][\/wdcl_image_carousel_child][wdcl_image_carousel_child photo=&#8221;https:\/\/wexfordpembrokeshirepilgrimway.org\/wp-content\/uploads\/2022\/11\/MGF01388-750&#215;500-1.jpg&#8221; title=&#8221;P\u00e1irc Oidhreachta N\u00e1isi\u00fanta&#8221; sub_title=&#8221;Creidmheas Grianghraf &#8211; Celtic Routes&#8221; content_pos_y=&#8221;flex-end&#8221; title_bottom_spacing=&#8221;51px&#8221; _builder_version=&#8221;4.19.0&#8243; _module_preset=&#8221;default&#8221; title_level=&#8221;h4&#8243; title_text_color=&#8221;#FFFFFF&#8221; title_font_size=&#8221;12px&#8221; title_line_height=&#8221;0.1em&#8221; subtitle_level=&#8221;h4&#8243; subtitle_text_color=&#8221;#FFFFFF&#8221; subtitle_font_size=&#8221;12px&#8221; custom_padding=&#8221;||||false|false&#8221; global_colors_info=&#8221;{}&#8221;][\/wdcl_image_carousel_child][wdcl_image_carousel_child photo=&#8221;https:\/\/wexfordpembrokeshirepilgrimway.org\/wp-content\/uploads\/2022\/11\/MGF01518-750&#215;500-1.jpg&#8221; title=&#8221;S\u00e9adchomhartha Cath 3 Rocks&#8221; content_pos_y=&#8221;flex-end&#8221; title_bottom_spacing=&#8221;51px&#8221; _builder_version=&#8221;4.19.0&#8243; _module_preset=&#8221;default&#8221; title_level=&#8221;h4&#8243; title_text_color=&#8221;#FFFFFF&#8221; title_font_size=&#8221;12px&#8221; title_line_height=&#8221;0.1em&#8221; subtitle_level=&#8221;h4&#8243; subtitle_text_color=&#8221;#FFFFFF&#8221; subtitle_font_size=&#8221;12px&#8221; custom_padding=&#8221;||||false|false&#8221; global_colors_info=&#8221;{}&#8221;][\/wdcl_image_carousel_child][\/wdcl_image_carousel][\/et_pb_column][\/et_pb_row][\/et_pb_section][et_pb_section fb_built=&#8221;1&#8243; _builder_version=&#8221;4.16&#8243; _module_preset=&#8221;default&#8221; background_enable_pattern_style=&#8221;on&#8221; background_pattern_style=&#8221;honeycomb&#8221; background_enable_mask_style=&#8221;on&#8221; background_mask_style=&#8221;bean&#8221; global_colors_info=&#8221;{}&#8221;][et_pb_row column_structure=&#8221;2_5,3_5&#8243; _builder_version=&#8221;4.18.0&#8243; _module_preset=&#8221;default&#8221; global_colors_info=&#8221;{}&#8221;][et_pb_column type=&#8221;2_5&#8243; _builder_version=&#8221;4.16&#8243; _module_preset=&#8221;default&#8221; global_colors_info=&#8221;{}&#8221;][et_pb_text _builder_version=&#8221;4.18.1&#8243; _module_preset=&#8221;default&#8221; text_font=&#8221;Alegreya Sans|700|||||||&#8221; text_text_color=&#8221;#000000&#8243; header_3_font=&#8221;Alegreya Sans|700|||||||&#8221; header_3_text_align=&#8221;left&#8221; header_3_text_color=&#8221;#000000&#8243; header_3_font_size=&#8221;30px&#8221; animation_style=&#8221;slide&#8221; global_colors_info=&#8221;{}&#8221;]<\/p>\n<h3 style=\"text-align: center;\">Cath na Tr\u00ed Carraig<\/h3>\n<p>[\/et_pb_text][et_pb_image src=&#8221;https:\/\/wexfordpembrokeshirepilgrimway.org\/wp-content\/uploads\/2022\/11\/3-rocks.png&#8221; alt=&#8221;Blunderbuss&#8221; title_text=&#8221;Blunderbuss&#8221; align=&#8221;center&#8221; _builder_version=&#8221;4.19.0&#8243; _module_preset=&#8221;default&#8221; width=&#8221;75%&#8221; global_colors_info=&#8221;{}&#8221;][\/et_pb_image][\/et_pb_column][et_pb_column type=&#8221;3_5&#8243; _builder_version=&#8221;4.18.0&#8243; _module_preset=&#8221;default&#8221; background_color=&#8221;#f5e1f0&#8243; border_radii=&#8221;on|5px|5px|5px|5px&#8221; global_colors_info=&#8221;{}&#8221;][et_pb_text _builder_version=&#8221;4.19.0&#8243; _module_preset=&#8221;default&#8221; text_font=&#8221;||||||||&#8221; custom_padding=&#8221;20px|20px|20px|20px|true|true&#8221; border_width_all=&#8221;1px&#8221; border_color_all=&#8221;#5f241c&#8221; global_colors_info=&#8221;{}&#8221;]<\/p>\n<p>Tar \u00e9is bua na reibili\u00fanach ag Cnoc Oulart agus Inis C\u00f3rthaidh, leathnaigh \u00c9ir\u00ed Amach 1798 in aghaidh riail na Breataine in \u00c9irinn ar fud an oirdheiscirt. Agus baile Loch Garman faoi bhagairt anois, d\u2019imigh col\u00fan tr\u00fapa\u00ed Briotanacha amach as Duncanoon Fort in iarthar an chontae chun cosaint an bhaile a neart\u00fa. Bhr\u00faigh cuid den chol\u00fan chun tosaigh ar an bpr\u00edomhdhor\u00e1iste agus luadh na reibili\u00fanach \u00c9ireannach Aontaithe \u00e9. Ghlac an t-iontas leis, cuireadh na Briotanaigh ar aghaidh, agus na marthan\u00f3ir\u00ed ag c\u00fal\u00fa go Duncannon. Chuir s\u00e9 seo na reibili\u00fanaigh i riocht l\u00e1idir chun Loch Garman a ghabh\u00e1il.<\/p>\n<p>Nuair a fuair an Ginear\u00e1l Maxwell, ceannasa\u00ed garast\u00fan Loch Garman, amach faoin mbua ag Three Rocks agus nach mbeadh aon atreisi\u00fa ag teacht \u00f3 Dh\u00fan Canann, d\u2019\u00e9irigh s\u00e9 as an mbaile. Cheadaigh s\u00e9 seo d\u2019fh\u00f3rsa\u00ed na reibili\u00fanach dul isteach i Loch Garman gan d\u00fashl\u00e1n, rud a l\u00e9irigh ardphointe a bhfeachtais.<\/p>\n<p>Ar do shi\u00fal\u00f3id thar Shliabh an Fhoirthe, rachaidh t\u00fa os cionn l\u00e1thair cath na dTr\u00ed gCloch, a rinne su\u00edomh lu\u00edoch\u00e1in id\u00e9alach. T\u00e1 s\u00e9 seo marc\u00e1ilte anois ag s\u00e9adchomhartha m\u00f3rthaibhseach a cr\u00edochna\u00edodh i 1952.<\/p>\n<p>[\/et_pb_text][\/et_pb_column][\/et_pb_row][\/et_pb_section][et_pb_section fb_built=&#8221;1&#8243; _builder_version=&#8221;4.18.0&#8243; _module_preset=&#8221;default&#8221; background_color=&#8221;#5f241c&#8221; bottom_divider_color=&#8221;#eaeaea&#8221; bottom_divider_height=&#8221;50px&#8221; global_colors_info=&#8221;{}&#8221;][et_pb_row column_structure=&#8221;2_5,3_5&#8243; _builder_version=&#8221;4.17.6&#8243; _module_preset=&#8221;default&#8221; global_colors_info=&#8221;{}&#8221;][et_pb_column type=&#8221;2_5&#8243; _builder_version=&#8221;4.17.6&#8243; _module_preset=&#8221;default&#8221; global_colors_info=&#8221;{}&#8221;][et_pb_image src=&#8221;https:\/\/wexfordpembrokeshirepilgrimway.org\/wp-content\/uploads\/2022\/11\/MG-bees-Ferns-750&#215;500-1.jpg&#8221; alt=&#8221;Beacha timpeall hive&#8221; title_text=&#8221;Beacha timpeall hive&#8221; _builder_version=&#8221;4.18.1&#8243; _module_preset=&#8221;default&#8221; global_colors_info=&#8221;{}&#8221;][\/et_pb_image][\/et_pb_column][et_pb_column type=&#8221;3_5&#8243; _builder_version=&#8221;4.17.6&#8243; _module_preset=&#8221;default&#8221; global_colors_info=&#8221;{}&#8221;][et_pb_text _builder_version=&#8221;4.18.1&#8243; _module_preset=&#8221;default&#8221; text_text_color=&#8221;#f5ede2&#8243; header_2_text_color=&#8221;#f5ede2&#8243; global_colors_info=&#8221;{}&#8221;]<\/p>\n<h2>BEACH\u00c1IN<\/h2>\n<p>Scr\u00edobhadh s\u00edos ar dt\u00fas sa 7\u00fa hAois, bh\u00ed dl\u00edthe \u00e1iti\u00fala ag r\u00e1 d\u00e1 dt\u00f3gfadh bumble neachtar as talamh comharsan, go gcaithf\u00ed c\u00faiteamh a shol\u00e1thar ansin. Ach cuireadh moill ar an \u00edoca\u00edocht go dt\u00ed an <span style=\"font-size: 13.3333px;\">4\u00fa<\/span> bliain nuair a b&#8217;\u00e9igean an ch\u00e9ad swarm a thabhairt don chomharsa.<\/p>\n<p>Bh\u00edothas le caitheamh le beacha mar aon bhall eile den teaghlach agus d\u2019inisf\u00ed d\u00f3ibh dea-sc\u00e9ala agus drochsc\u00e9ala. \u00c1ir\u00edodh leis seo iad a chur ar an eolas an raibh b\u00e1s sa teaghlach, agus bia na sochraide a roinnt leo.<\/p>\n<p>Bh\u00ed \u00e1r sinsir an-soil\u00e9ir faoi th\u00e1bhacht an bheach humhal.<\/p>\n<p><em>(Bu\u00edochas leis an su\u00edomh gr\u00e9as\u00e1in b\u00e9aloidis <a href=\"https:\/\/stairnaheireann.net\/\">Stair na h\u00c9ireann<\/a> as an m\u00e9id thuas)<\/em><\/p>\n<p>[\/et_pb_text][\/et_pb_column][\/et_pb_row][\/et_pb_section][et_pb_section fb_built=&#8221;1&#8243; _builder_version=&#8221;4.19.0&#8243; _module_preset=&#8221;default&#8221; background_color=&#8221;#d8dce0&#8243; global_colors_info=&#8221;{}&#8221;][et_pb_row column_structure=&#8221;1_2,1_2&#8243; _builder_version=&#8221;4.18.0&#8243; _module_preset=&#8221;default&#8221; global_colors_info=&#8221;{}&#8221;][et_pb_column type=&#8221;1_2&#8243; _builder_version=&#8221;4.18.0&#8243; _module_preset=&#8221;default&#8221; global_colors_info=&#8221;{}&#8221;][et_pb_text _builder_version=&#8221;4.19.0&#8243; _module_preset=&#8221;default&#8221; header_2_font=&#8221;|700|||||||&#8221; header_2_text_align=&#8221;center&#8221; header_2_font_size=&#8221;32px&#8221; custom_margin=&#8221;||0px||false|false&#8221; custom_padding=&#8221;||||false|false&#8221; global_colors_info=&#8221;{}&#8221;]<\/p>\n<h2>Cl\u00e1raigh d\u00e1r Nuachtlitir<\/h2>\n<p><span>B\u00ed ar an gc\u00e9ad duine a bheidh ar an eolas faoi imeachta\u00ed treoraithe at\u00e1 \u00e1 dtairiscint ar an mbealach agus ar na forbairt\u00ed is d\u00e9ana\u00ed go l\u00e9ir agus muid ag druidim le seoladh oilithreachta in 2023. <\/span><\/p>\n<p><span><\/span><\/p>\n<p>[\/et_pb_text][et_pb_button button_url=&#8221;https:\/\/britishpilgrimage.us12.list-manage.com\/subscribe?u=5996208756aa6eb1548c20b1d&amp;id=275afa719d&#8221; url_new_window=&#8221;on&#8221; button_text=&#8221;Liost\u00e1il&#8221; button_alignment=&#8221;center&#8221; _builder_version=&#8221;4.18.0&#8243; _module_preset=&#8221;default&#8221; custom_button=&#8221;on&#8221; button_text_size=&#8221;16px&#8221; button_text_color=&#8221;#f5ede2&#8243; button_bg_color=&#8221;#5f241c&#8221; button_border_radius=&#8221;5px&#8221; button_font=&#8221;|600|||||||&#8221; button_icon=&#8221;&#x24;||divi||400&#8243; button_on_hover=&#8221;off&#8221; custom_margin=&#8221;||20px||false|false&#8221; custom_padding=&#8221;||||false|false&#8221; global_colors_info=&#8221;{}&#8221;][\/et_pb_button][\/et_pb_column][et_pb_column type=&#8221;1_2&#8243; _builder_version=&#8221;4.18.0&#8243; _module_preset=&#8221;default&#8221; global_colors_info=&#8221;{}&#8221;][et_pb_image src=&#8221;https:\/\/wexfordpembrokeshirepilgrimway.org\/wp-content\/uploads\/2022\/09\/AC-Trilingual-Landscape-Raven-500&#215;152-1.png&#8221; alt=&#8221;l\u00f3g\u00f3&#8221; title_text=&#8221;AC&#8212; Tr\u00edtheangach-T\u00edrdhreach&#8212; Raven-500&#215;152&#8243; align=&#8221;center&#8221; _builder_version=&#8221;4.18.1&#8243; _module_preset=&#8221;default&#8221; width=&#8221;80%&#8221; width_tablet=&#8221;60%&#8221; width_phone=&#8221;100%&#8221; width_last_edited=&#8221;on|tablet&#8221; custom_padding=&#8221;30px|75px||75px|false|false&#8221; global_colors_info=&#8221;{}&#8221;][\/et_pb_image][\/et_pb_column][\/et_pb_row][\/et_pb_section]<\/p>\n<span class=\"et_bloom_bottom_trigger\"><\/span>","protected":false},"excerpt":{"rendered":"<p>\u00d3 Thobar Naomh D\u00e1ibh\u00ed i nGeata an Ola, leanann t\u00fa ar aghaidh le do thuras oilithrigh go Baile an Phiarsaigh tr\u00ed Chair\u00e9al iontach Charraig Phuill agus Chaisle\u00e1n Bhaile She\u00e1in. <\/p>\n","protected":false},"author":1,"featured_media":0,"parent":0,"menu_order":0,"comment_status":"closed","ping_status":"closed","template":"","meta":{"_et_pb_use_builder":"on","_et_pb_old_content":"","_et_gb_content_width":"","_monsterinsights_skip_tracking":false,"_monsterinsights_sitenote_active":false,"_monsterinsights_sitenote_note":"","_monsterinsights_sitenote_category":0,"footnotes":""},"class_list":["post-7154","page","type-page","status-publish","hentry"],"yoast_head":"<!-- This site is optimized with the Yoast SEO plugin v27.5 - https:\/\/yoast.com\/product\/yoast-seo-wordpress\/ -->\n<title>3. Maol\u00e1n na nGabhar go Baile an Phiarsaigh - Wexford-Pembrokeshire Pilgrim Way<\/title>\n<meta name=\"description\" content=\"\u00d3 Thobar Naomh D\u00e1ibh\u00ed i nGeata an Ola, leanann t\u00fa ar aghaidh le do thuras oilithrigh go Baile an Phiarsaigh tr\u00ed Chair\u00e9al iontach Charraig Phuill agus Chaisle\u00e1n Bhaile She\u00e1in.\" \/>\n<meta name=\"robots\" content=\"index, follow, max-snippet:-1, max-image-preview:large, max-video-preview:-1\" \/>\n<link rel=\"canonical\" href=\"https:\/\/wexfordpembrokeshirepilgrimway.org\/ga\/3-geata-an-ola-go-baile-an-phiarsaigh\/\" \/>\n<meta property=\"og:locale\" content=\"ga_IE\" \/>\n<meta property=\"og:type\" content=\"article\" \/>\n<meta property=\"og:title\" content=\"3. Maol\u00e1n na nGabhar go Baile an Phiarsaigh - Wexford-Pembrokeshire Pilgrim Way\" \/>\n<meta property=\"og:description\" content=\"\u00d3 Thobar Naomh D\u00e1ibh\u00ed i nGeata an Ola, leanann t\u00fa ar aghaidh le do thuras oilithrigh go Baile an Phiarsaigh tr\u00ed Chair\u00e9al iontach Charraig Phuill agus Chaisle\u00e1n Bhaile She\u00e1in.\" \/>\n<meta property=\"og:url\" content=\"https:\/\/wexfordpembrokeshirepilgrimway.org\/ga\/3-geata-an-ola-go-baile-an-phiarsaigh\/\" \/>\n<meta property=\"og:site_name\" content=\"Wexford-Pembrokeshire Pilgrim Way\" \/>\n<meta property=\"article:modified_time\" content=\"2023-07-22T13:43:28+00:00\" \/>\n<meta name=\"twitter:card\" content=\"summary_large_image\" \/>\n<meta name=\"twitter:label1\" content=\"Est. reading time\" \/>\n\t<meta name=\"twitter:data1\" content=\"17 minutes\" \/>\n<script type=\"application\/ld+json\" class=\"yoast-schema-graph\">{\"@context\":\"https:\\\/\\\/schema.org\",\"@graph\":[{\"@type\":\"WebPage\",\"@id\":\"https:\\\/\\\/wexfordpembrokeshirepilgrimway.org\\\/ga\\\/3-geata-an-ola-go-baile-an-phiarsaigh\\\/\",\"url\":\"https:\\\/\\\/wexfordpembrokeshirepilgrimway.org\\\/ga\\\/3-geata-an-ola-go-baile-an-phiarsaigh\\\/\",\"name\":\"3. Maol\u00e1n na nGabhar go Baile an Phiarsaigh - Wexford-Pembrokeshire Pilgrim Way\",\"isPartOf\":{\"@id\":\"https:\\\/\\\/wexfordpembrokeshirepilgrimway.org\\\/ga\\\/#website\"},\"datePublished\":\"2022-10-31T15:33:15+00:00\",\"dateModified\":\"2023-07-22T13:43:28+00:00\",\"description\":\"\u00d3 Thobar Naomh D\u00e1ibh\u00ed i nGeata an Ola, leanann t\u00fa ar aghaidh le do thuras oilithrigh go Baile an Phiarsaigh tr\u00ed Chair\u00e9al iontach Charraig Phuill agus Chaisle\u00e1n Bhaile She\u00e1in.\",\"breadcrumb\":{\"@id\":\"https:\\\/\\\/wexfordpembrokeshirepilgrimway.org\\\/ga\\\/3-geata-an-ola-go-baile-an-phiarsaigh\\\/#breadcrumb\"},\"inLanguage\":\"ga-IE\",\"potentialAction\":[{\"@type\":\"ReadAction\",\"target\":[\"https:\\\/\\\/wexfordpembrokeshirepilgrimway.org\\\/ga\\\/3-geata-an-ola-go-baile-an-phiarsaigh\\\/\"]}]},{\"@type\":\"BreadcrumbList\",\"@id\":\"https:\\\/\\\/wexfordpembrokeshirepilgrimway.org\\\/ga\\\/3-geata-an-ola-go-baile-an-phiarsaigh\\\/#breadcrumb\",\"itemListElement\":[{\"@type\":\"ListItem\",\"position\":1,\"name\":\"Home\",\"item\":\"https:\\\/\\\/wexfordpembrokeshirepilgrimway.org\\\/ga\\\/baile\\\/\"},{\"@type\":\"ListItem\",\"position\":2,\"name\":\"3. Maol\u00e1n na nGabhar go Baile an Phiarsaigh\"}]},{\"@type\":\"WebSite\",\"@id\":\"https:\\\/\\\/wexfordpembrokeshirepilgrimway.org\\\/ga\\\/#website\",\"url\":\"https:\\\/\\\/wexfordpembrokeshirepilgrimway.org\\\/ga\\\/\",\"name\":\"Wexford-Pembrokeshire Pilgrim Way\",\"description\":\"\",\"potentialAction\":[{\"@type\":\"SearchAction\",\"target\":{\"@type\":\"EntryPoint\",\"urlTemplate\":\"https:\\\/\\\/wexfordpembrokeshirepilgrimway.org\\\/ga\\\/?s={search_term_string}\"},\"query-input\":{\"@type\":\"PropertyValueSpecification\",\"valueRequired\":true,\"valueName\":\"search_term_string\"}}],\"inLanguage\":\"ga-IE\"}]}<\/script>\n<!-- \/ Yoast SEO plugin. -->","yoast_head_json":{"title":"3. Maol\u00e1n na nGabhar go Baile an Phiarsaigh - Wexford-Pembrokeshire Pilgrim Way","description":"\u00d3 Thobar Naomh D\u00e1ibh\u00ed i nGeata an Ola, leanann t\u00fa ar aghaidh le do thuras oilithrigh go Baile an Phiarsaigh tr\u00ed Chair\u00e9al iontach Charraig Phuill agus Chaisle\u00e1n Bhaile She\u00e1in.","robots":{"index":"index","follow":"follow","max-snippet":"max-snippet:-1","max-image-preview":"max-image-preview:large","max-video-preview":"max-video-preview:-1"},"canonical":"https:\/\/wexfordpembrokeshirepilgrimway.org\/ga\/3-geata-an-ola-go-baile-an-phiarsaigh\/","og_locale":"ga_IE","og_type":"article","og_title":"3. Maol\u00e1n na nGabhar go Baile an Phiarsaigh - Wexford-Pembrokeshire Pilgrim Way","og_description":"\u00d3 Thobar Naomh D\u00e1ibh\u00ed i nGeata an Ola, leanann t\u00fa ar aghaidh le do thuras oilithrigh go Baile an Phiarsaigh tr\u00ed Chair\u00e9al iontach Charraig Phuill agus Chaisle\u00e1n Bhaile She\u00e1in.","og_url":"https:\/\/wexfordpembrokeshirepilgrimway.org\/ga\/3-geata-an-ola-go-baile-an-phiarsaigh\/","og_site_name":"Wexford-Pembrokeshire Pilgrim Way","article_modified_time":"2023-07-22T13:43:28+00:00","twitter_card":"summary_large_image","twitter_misc":{"Est. reading time":"17 minutes"},"schema":{"@context":"https:\/\/schema.org","@graph":[{"@type":"WebPage","@id":"https:\/\/wexfordpembrokeshirepilgrimway.org\/ga\/3-geata-an-ola-go-baile-an-phiarsaigh\/","url":"https:\/\/wexfordpembrokeshirepilgrimway.org\/ga\/3-geata-an-ola-go-baile-an-phiarsaigh\/","name":"3. Maol\u00e1n na nGabhar go Baile an Phiarsaigh - Wexford-Pembrokeshire Pilgrim Way","isPartOf":{"@id":"https:\/\/wexfordpembrokeshirepilgrimway.org\/ga\/#website"},"datePublished":"2022-10-31T15:33:15+00:00","dateModified":"2023-07-22T13:43:28+00:00","description":"\u00d3 Thobar Naomh D\u00e1ibh\u00ed i nGeata an Ola, leanann t\u00fa ar aghaidh le do thuras oilithrigh go Baile an Phiarsaigh tr\u00ed Chair\u00e9al iontach Charraig Phuill agus Chaisle\u00e1n Bhaile She\u00e1in.","breadcrumb":{"@id":"https:\/\/wexfordpembrokeshirepilgrimway.org\/ga\/3-geata-an-ola-go-baile-an-phiarsaigh\/#breadcrumb"},"inLanguage":"ga-IE","potentialAction":[{"@type":"ReadAction","target":["https:\/\/wexfordpembrokeshirepilgrimway.org\/ga\/3-geata-an-ola-go-baile-an-phiarsaigh\/"]}]},{"@type":"BreadcrumbList","@id":"https:\/\/wexfordpembrokeshirepilgrimway.org\/ga\/3-geata-an-ola-go-baile-an-phiarsaigh\/#breadcrumb","itemListElement":[{"@type":"ListItem","position":1,"name":"Home","item":"https:\/\/wexfordpembrokeshirepilgrimway.org\/ga\/baile\/"},{"@type":"ListItem","position":2,"name":"3. Maol\u00e1n na nGabhar go Baile an Phiarsaigh"}]},{"@type":"WebSite","@id":"https:\/\/wexfordpembrokeshirepilgrimway.org\/ga\/#website","url":"https:\/\/wexfordpembrokeshirepilgrimway.org\/ga\/","name":"Wexford-Pembrokeshire Pilgrim Way","description":"","potentialAction":[{"@type":"SearchAction","target":{"@type":"EntryPoint","urlTemplate":"https:\/\/wexfordpembrokeshirepilgrimway.org\/ga\/?s={search_term_string}"},"query-input":{"@type":"PropertyValueSpecification","valueRequired":true,"valueName":"search_term_string"}}],"inLanguage":"ga-IE"}]}},"featured_image_src":null,"featured_image_src_square":null,"_links":{"self":[{"href":"https:\/\/wexfordpembrokeshirepilgrimway.org\/ga\/wp-json\/wp\/v2\/pages\/7154","targetHints":{"allow":["GET"]}}],"collection":[{"href":"https:\/\/wexfordpembrokeshirepilgrimway.org\/ga\/wp-json\/wp\/v2\/pages"}],"about":[{"href":"https:\/\/wexfordpembrokeshirepilgrimway.org\/ga\/wp-json\/wp\/v2\/types\/page"}],"author":[{"embeddable":true,"href":"https:\/\/wexfordpembrokeshirepilgrimway.org\/ga\/wp-json\/wp\/v2\/users\/1"}],"replies":[{"embeddable":true,"href":"https:\/\/wexfordpembrokeshirepilgrimway.org\/ga\/wp-json\/wp\/v2\/comments?post=7154"}],"version-history":[{"count":0,"href":"https:\/\/wexfordpembrokeshirepilgrimway.org\/ga\/wp-json\/wp\/v2\/pages\/7154\/revisions"}],"wp:attachment":[{"href":"https:\/\/wexfordpembrokeshirepilgrimway.org\/ga\/wp-json\/wp\/v2\/media?parent=7154"}],"curies":[{"name":"wp","href":"https:\/\/api.w.org\/{rel}","templated":true}]}}